{"id":191,"date":"2022-07-26T10:22:11","date_gmt":"2022-07-26T13:22:11","guid":{"rendered":"https:\/\/www.agon.esp.br\/?page_id=191"},"modified":"2024-01-12T10:38:53","modified_gmt":"2024-01-12T13:38:53","slug":"equipe-agon-treinadores","status":"publish","type":"page","link":"https:\/\/www.agon.esp.br\/en_us\/equipe-agon-treinadores\/","title":{"rendered":"COACHES"},"content":{"rendered":"<section class=\"wpb_row\"><div class=\"wpb_column vc_column_container vc_col-sm-12\"><div class=\"vc_column-inner\"><div class=\"wpb_wrapper\"><div class=\"vc_row wpb_row vc_inner vc_row-fluid\"><div class=\"wpb_column vc_column_container vc_col-sm-2\"><div class=\"vc_column-inner\"><div class=\"wpb_wrapper\"><\/div><\/div><\/div><div class=\"wpb_column vc_column_container vc_col-sm-2\"><div class=\"vc_column-inner\"><div class=\"wpb_wrapper\"><\/div><\/div><\/div><div class=\"wpb_column vc_column_container vc_col-sm-2\"><div class=\"vc_column-inner\"><div class=\"wpb_wrapper\"><div class=\"vc_btn3-container vc_btn3-center\" ><a style=\"background-color:#000000; color:#ffffff;\" class=\"vc_general vc_btn3 vc_btn3-size-sm vc_btn3-shape-rounded vc_btn3-style-custom vc_btn3-block\" href=\"https:\/\/www.agon.esp.br\/en_us\/equipe-agon-atletas\/\" title=\"Player\">PLAYERS<\/a><\/div><\/div><\/div><\/div><div class=\"wpb_column vc_column_container vc_col-sm-2\"><div class=\"vc_column-inner\"><div class=\"wpb_wrapper\"><div class=\"vc_btn3-container vc_btn3-center\" ><a style=\"background-color:#000000; color:#ffffff;\" class=\"vc_general vc_btn3 vc_btn3-size-sm vc_btn3-shape-rounded vc_btn3-style-custom vc_btn3-block\" href=\"https:\/\/www.agon.esp.br\/en_us\/equipe-agon-treinadores\/\" title=\"Player\">COACHES<\/a><\/div><\/div><\/div><\/div><div class=\"wpb_column vc_column_container vc_col-sm-2\"><div class=\"vc_column-inner\"><div class=\"wpb_wrapper\"><\/div><\/div><\/div><div class=\"wpb_column vc_column_container vc_col-sm-2\"><div class=\"vc_column-inner\"><div class=\"wpb_wrapper\"><\/div><\/div><\/div><\/div>\n<div class=\"vc_grid-container-wrapper vc_clearfix vc_grid-animation-none\">\n\t<div class=\"vc_grid-container vc_clearfix wpb_content_element vc_basic_grid\" data-initial-loading-animation=\"none\" data-vc-grid-settings=\"{&quot;page_id&quot;:191,&quot;style&quot;:&quot;all&quot;,&quot;action&quot;:&quot;vc_get_vc_grid_data&quot;,&quot;shortcode_id&quot;:&quot;1705066724117-4d9fd70d-f5ff-5&quot;,&quot;tag&quot;:&quot;vc_basic_grid&quot;}\" data-vc-request=\"https:\/\/www.agon.esp.br\/wp-admin\/admin-ajax.php\" data-vc-post-id=\"191\" data-vc-public-nonce=\"8aae24eeb7\">\n\t\t<style data-type=\"vc_shortcodes-custom-css\">.vc_custom_1419240516480{background-color: #f9f9f9 !important;}<\/style><div class=\"vc_grid vc_row vc_grid-gutter-15px vc_pageable-wrapper vc_hook_hover\" data-vc-pageable-content=\"true\"><div class=\"vc_pageable-slide-wrapper vc_clearfix\" data-vc-grid-content=\"true\"><div class=\"vc_grid-item vc_clearfix vc_col-sm-3 vc_grid-item-zone-c-bottom\"><div class=\"vc_grid-item-mini vc_clearfix\"><div class=\"vc_gitem-animated-block\" ><div class=\"vc_gitem-zone vc_gitem-zone-a vc-gitem-zone-height-mode-auto vc-gitem-zone-height-mode-auto-1-1\" style=\"background-image: url('https:\/\/www.agon.esp.br\/wp-content\/uploads\/2023\/05\/alexandre.jpg') !important;\"><img decoding=\"async\" src=\"https:\/\/www.agon.esp.br\/wp-content\/uploads\/2023\/05\/alexandre.jpg\" class=\"vc_gitem-zone-img\" alt=\"Alexandre Bohrer\"><div class=\"vc_gitem-zone-mini\"><\/div><\/div><\/div><div class=\"vc_gitem-zone vc_gitem-zone-c vc_custom_1419240516480\"><div class=\"vc_gitem-zone-mini\"><div class=\"vc_gitem_row vc_row vc_gitem-row-position-top\"><div class=\"vc_col-sm-12 vc_gitem-col vc_gitem-col-align-\"><div class=\"vc_custom_heading vc_gitem-post-data vc_gitem-post-data-source-post_title\" ><h5 style=\"text-align: center\" >Alexandre Bohrer<\/h5><\/div><div class=\"vc_gitem-post-meta-field-nascimento vc_gitem-align-left\"><span class=\"vc_gitem-post-meta-label\">Birth:<\/span>21\/03\/1995<\/div><div class=\"vc_gitem-post-meta-field-clubeatual vc_gitem-align-left\"><span class=\"vc_gitem-post-meta-label\">Current Club:<\/span>AFA Futsal<\/div><div class=\"vc_gitem-post-meta-field-experiencias vc_gitem-align-left\"><span class=\"vc_gitem-post-meta-label\">\u00daltimo Clube:<\/span>AGE, AVF<\/div><div class=\"vc_empty_space\"   style=\"height: 10px\"><span class=\"vc_empty_space_inner\"><\/span><\/div><div class=\"vc_gitem-post-meta-field-redes_sociais vc_gitem-align-center\"><a href=\"https:\/\/www.instagram.com\/alebohrer\/?hl=pt-br\" class=\"\"><i class=\"sl-social-instagram\" style=\" font-size:22px; color:#c7b93c;\"><\/i><\/a><\/div><div class=\"vc_empty_space\"   style=\"height: 10px\"><span class=\"vc_empty_space_inner\"><\/span><\/div><div class=\"vc_gitem-post-meta-field-curriculo vc_gitem-align-center\"><a href=\"https:\/\/www.agon.esp.br\/wp-content\/uploads\/2023\/05\/Alexandre-Bohrer-curriculo-2025.pdf\" class=\"button green  medium bordered-bot\" target=\"_blank\"><i class=\"icon-search\"><\/i>DOWNLOAD CURRICULO<\/a><\/div><div class=\"vc_gitem-post-data vc_gitem-post-data-source-post_categories vc_grid-filter vc_clearfix vc_grid-filter vc_clearfix vc_grid-filter- vc_grid-filter-size-sm vc_grid-filter-center vc_grid-filter-center\"><div class=\"vc_grid-filter-item vc_gitem-post-category-name\"><span class=\"vc_gitem-post-category-name\">COACHES<\/span><\/div><\/div><\/div><\/div><\/div><\/div><\/div><div class=\"vc_clearfix\"><\/div><\/div><div class=\"vc_grid-item vc_clearfix vc_col-sm-3 vc_grid-item-zone-c-bottom\"><div class=\"vc_grid-item-mini vc_clearfix\"><div class=\"vc_gitem-animated-block\" ><div class=\"vc_gitem-zone vc_gitem-zone-a vc-gitem-zone-height-mode-auto vc-gitem-zone-height-mode-auto-1-1\" style=\"background-image: url('https:\/\/www.agon.esp.br\/wp-content\/uploads\/2022\/07\/banana.jpg') !important;\"><img decoding=\"async\" src=\"https:\/\/www.agon.esp.br\/wp-content\/uploads\/2022\/07\/banana.jpg\" class=\"vc_gitem-zone-img\" alt=\"Banana\"><div class=\"vc_gitem-zone-mini\"><\/div><\/div><\/div><div class=\"vc_gitem-zone vc_gitem-zone-c vc_custom_1419240516480\"><div class=\"vc_gitem-zone-mini\"><div class=\"vc_gitem_row vc_row vc_gitem-row-position-top\"><div class=\"vc_col-sm-12 vc_gitem-col vc_gitem-col-align-\"><div class=\"vc_custom_heading vc_gitem-post-data vc_gitem-post-data-source-post_title\" ><h5 style=\"text-align: center\" >Banana<\/h5><\/div><div class=\"vc_gitem-post-meta-field-nascimento vc_gitem-align-left\"><span class=\"vc_gitem-post-meta-label\">Birth:<\/span>01\/12\/1965<\/div><div class=\"vc_gitem-post-meta-field-clubeatual vc_gitem-align-left\"><span class=\"vc_gitem-post-meta-label\">Current Club:<\/span>Sele\u00e7\u00e3o do Iraque<\/div><div class=\"vc_gitem-post-meta-field-experiencias vc_gitem-align-left\"><span class=\"vc_gitem-post-meta-label\">\u00daltimo Clube:<\/span>Juventude AG, Foz Cataratas, Bras\u00edlia Futsal, Kherson (UCR)<\/div><div class=\"vc_empty_space\"   style=\"height: 10px\"><span class=\"vc_empty_space_inner\"><\/span><\/div><div class=\"vc_gitem-post-meta-field-redes_sociais vc_gitem-align-center\"><a href=\"https:\/\/www.instagram.com\/tecnicobanana\/?hl=pt-br\" class=\"\"><i class=\"sl-social-instagram\" style=\" font-size:22px; color:#c7b93c;\"><\/i><\/a><\/div><div class=\"vc_empty_space\"   style=\"height: 10px\"><span class=\"vc_empty_space_inner\"><\/span><\/div><div class=\"vc_gitem-post-meta-field-curriculo vc_gitem-align-center\"><a href=\"#\" class=\"button green  medium bordered-bot\" target=\"_blank\"><i class=\"icon-search\"><\/i>DOWNLOAD CURRICULO<\/a><\/div><div class=\"vc_gitem-post-data vc_gitem-post-data-source-post_categories vc_grid-filter vc_clearfix vc_grid-filter vc_clearfix vc_grid-filter- vc_grid-filter-size-sm vc_grid-filter-center vc_grid-filter-center\"><div class=\"vc_grid-filter-item vc_gitem-post-category-name\"><span class=\"vc_gitem-post-category-name\">COACHES<\/span><\/div><\/div><\/div><\/div><\/div><\/div><\/div><div class=\"vc_clearfix\"><\/div><\/div><div class=\"vc_grid-item vc_clearfix vc_col-sm-3 vc_grid-item-zone-c-bottom\"><div class=\"vc_grid-item-mini vc_clearfix\"><div class=\"vc_gitem-animated-block\" ><div class=\"vc_gitem-zone vc_gitem-zone-a vc-gitem-zone-height-mode-auto vc-gitem-zone-height-mode-auto-1-1\" style=\"background-image: url('https:\/\/www.agon.esp.br\/wp-content\/uploads\/2026\/04\/beto.jpg') !important;\"><img decoding=\"async\" src=\"https:\/\/www.agon.esp.br\/wp-content\/uploads\/2026\/04\/beto.jpg\" class=\"vc_gitem-zone-img\" alt=\"Beto\"><div class=\"vc_gitem-zone-mini\"><\/div><\/div><\/div><div class=\"vc_gitem-zone vc_gitem-zone-c vc_custom_1419240516480\"><div class=\"vc_gitem-zone-mini\"><div class=\"vc_gitem_row vc_row vc_gitem-row-position-top\"><div class=\"vc_col-sm-12 vc_gitem-col vc_gitem-col-align-\"><div class=\"vc_custom_heading vc_gitem-post-data vc_gitem-post-data-source-post_title\" ><h5 style=\"text-align: center\" >Beto<\/h5><\/div><div class=\"vc_gitem-post-meta-field-nascimento vc_gitem-align-left\"><span class=\"vc_gitem-post-meta-label\">Birth:<\/span>11\/03\/1984<\/div><div class=\"vc_gitem-post-meta-field-clubeatual vc_gitem-align-left\"><span class=\"vc_gitem-post-meta-label\">Current Club:<\/span>Panta Walon-Peru<\/div><div class=\"vc_gitem-post-meta-field-experiencias vc_gitem-align-left\"><span class=\"vc_gitem-post-meta-label\">\u00daltimo Clube:<\/span><\/div><div class=\"vc_empty_space\"   style=\"height: 10px\"><span class=\"vc_empty_space_inner\"><\/span><\/div><div class=\"vc_gitem-post-meta-field-redes_sociais vc_gitem-align-center\"><\/div><div class=\"vc_empty_space\"   style=\"height: 10px\"><span class=\"vc_empty_space_inner\"><\/span><\/div><div class=\"vc_gitem-post-meta-field-curriculo vc_gitem-align-center\"><\/div><div class=\"vc_gitem-post-data vc_gitem-post-data-source-post_categories vc_grid-filter vc_clearfix vc_grid-filter vc_clearfix vc_grid-filter- vc_grid-filter-size-sm vc_grid-filter-center vc_grid-filter-center\"><div class=\"vc_grid-filter-item vc_gitem-post-category-name\"><span class=\"vc_gitem-post-category-name\">COACHES<\/span><\/div><\/div><\/div><\/div><\/div><\/div><\/div><div class=\"vc_clearfix\"><\/div><\/div><div class=\"vc_grid-item vc_clearfix vc_col-sm-3 vc_grid-item-zone-c-bottom\"><div class=\"vc_grid-item-mini vc_clearfix\"><div class=\"vc_gitem-animated-block\" ><div class=\"vc_gitem-zone vc_gitem-zone-a vc-gitem-zone-height-mode-auto vc-gitem-zone-height-mode-auto-1-1\" style=\"background-image: url('https:\/\/www.agon.esp.br\/wp-content\/uploads\/2025\/04\/bira-1.jpg') !important;\"><img decoding=\"async\" src=\"https:\/\/www.agon.esp.br\/wp-content\/uploads\/2025\/04\/bira-1.jpg\" class=\"vc_gitem-zone-img\" alt=\"Bira\"><div class=\"vc_gitem-zone-mini\"><\/div><\/div><\/div><div class=\"vc_gitem-zone vc_gitem-zone-c vc_custom_1419240516480\"><div class=\"vc_gitem-zone-mini\"><div class=\"vc_gitem_row vc_row vc_gitem-row-position-top\"><div class=\"vc_col-sm-12 vc_gitem-col vc_gitem-col-align-\"><div class=\"vc_custom_heading vc_gitem-post-data vc_gitem-post-data-source-post_title\" ><h5 style=\"text-align: center\" >Bira<\/h5><\/div><div class=\"vc_gitem-post-meta-field-nascimento vc_gitem-align-left\"><span class=\"vc_gitem-post-meta-label\">Birth:<\/span>22\/11\/1989<\/div><div class=\"vc_gitem-post-meta-field-clubeatual vc_gitem-align-left\"><span class=\"vc_gitem-post-meta-label\">Current Club:<\/span>Campo Mour\u00e3o<\/div><div class=\"vc_gitem-post-meta-field-experiencias vc_gitem-align-left\"><span class=\"vc_gitem-post-meta-label\">\u00daltimo Clube:<\/span>S\u00e3o Francisco do Sul<\/div><div class=\"vc_empty_space\"   style=\"height: 10px\"><span class=\"vc_empty_space_inner\"><\/span><\/div><div class=\"vc_gitem-post-meta-field-redes_sociais vc_gitem-align-center\"><a href=\"https:\/\/www.instagram.com\/brunohornick\/?hl=pt-br\" class=\"\"><i class=\"sl-social-instagram\" style=\" font-size:22px; color:#c7b93c;\"><\/i><\/a><\/div><div class=\"vc_empty_space\"   style=\"height: 10px\"><span class=\"vc_empty_space_inner\"><\/span><\/div><div class=\"vc_gitem-post-meta-field-curriculo vc_gitem-align-center\"><\/div><div class=\"vc_gitem-post-data vc_gitem-post-data-source-post_categories vc_grid-filter vc_clearfix vc_grid-filter vc_clearfix vc_grid-filter- vc_grid-filter-size-sm vc_grid-filter-center vc_grid-filter-center\"><div class=\"vc_grid-filter-item vc_gitem-post-category-name\"><span class=\"vc_gitem-post-category-name\">COACHES<\/span><\/div><\/div><\/div><\/div><\/div><\/div><\/div><div class=\"vc_clearfix\"><\/div><\/div><div class=\"vc_grid-item vc_clearfix vc_col-sm-3 vc_grid-item-zone-c-bottom\"><div class=\"vc_grid-item-mini vc_clearfix\"><div class=\"vc_gitem-animated-block\" ><div class=\"vc_gitem-zone vc_gitem-zone-a vc-gitem-zone-height-mode-auto vc-gitem-zone-height-mode-auto-1-1\" style=\"background-image: url('https:\/\/www.agon.esp.br\/wp-content\/uploads\/2022\/07\/daniel-jr.jpg') !important;\"><img decoding=\"async\" src=\"https:\/\/www.agon.esp.br\/wp-content\/uploads\/2022\/07\/daniel-jr.jpg\" class=\"vc_gitem-zone-img\" alt=\"Daniel Jr.\"><div class=\"vc_gitem-zone-mini\"><\/div><\/div><\/div><div class=\"vc_gitem-zone vc_gitem-zone-c vc_custom_1419240516480\"><div class=\"vc_gitem-zone-mini\"><div class=\"vc_gitem_row vc_row vc_gitem-row-position-top\"><div class=\"vc_col-sm-12 vc_gitem-col vc_gitem-col-align-\"><div class=\"vc_custom_heading vc_gitem-post-data vc_gitem-post-data-source-post_title\" ><h5 style=\"text-align: center\" >Daniel Jr.<\/h5><\/div><div class=\"vc_gitem-post-meta-field-nascimento vc_gitem-align-left\"><span class=\"vc_gitem-post-meta-label\">Birth:<\/span>15\/10\/1979<\/div><div class=\"vc_gitem-post-meta-field-clubeatual vc_gitem-align-left\"><span class=\"vc_gitem-post-meta-label\">Current Club:<\/span>AFC Kairat - CAZ<\/div><div class=\"vc_gitem-post-meta-field-experiencias vc_gitem-align-left\"><span class=\"vc_gitem-post-meta-label\">\u00daltimo Clube:<\/span>Campo Mour\u00e3o, Jec\/Krona Futsal, Sele\u00e7\u00e3o Brasileira Cat. de Base e ACEL Chopinzinho<\/div><div class=\"vc_empty_space\"   style=\"height: 10px\"><span class=\"vc_empty_space_inner\"><\/span><\/div><div class=\"vc_gitem-post-meta-field-redes_sociais vc_gitem-align-center\"><a href=\"https:\/\/www.instagram.com\/danieljuniorfutsal\/?hl=pt-br\" class=\"\"><i class=\"sl-social-instagram\" style=\" font-size:22px; color:#c7b93c;\"><\/i><\/a><\/div><div class=\"vc_empty_space\"   style=\"height: 10px\"><span class=\"vc_empty_space_inner\"><\/span><\/div><div class=\"vc_gitem-post-meta-field-curriculo vc_gitem-align-center\"><a href=\"https:\/\/www.agon.esp.br\/wp-content\/uploads\/2022\/07\/Daniel-Jr-curriculo-2025.pdf\" class=\"button green  medium bordered-bot\" target=\"_blank\"><i class=\"icon-search\"><\/i>DOWNLOAD CURRICULO<\/a><\/div><div class=\"vc_gitem-post-data vc_gitem-post-data-source-post_categories vc_grid-filter vc_clearfix vc_grid-filter vc_clearfix vc_grid-filter- vc_grid-filter-size-sm vc_grid-filter-center vc_grid-filter-center\"><div class=\"vc_grid-filter-item vc_gitem-post-category-name\"><span class=\"vc_gitem-post-category-name\">COACHES<\/span><\/div><\/div><\/div><\/div><\/div><\/div><\/div><div class=\"vc_clearfix\"><\/div><\/div><div class=\"vc_grid-item vc_clearfix vc_col-sm-3 vc_grid-item-zone-c-bottom\"><div class=\"vc_grid-item-mini vc_clearfix\"><div class=\"vc_gitem-animated-block\" ><div class=\"vc_gitem-zone vc_gitem-zone-a vc-gitem-zone-height-mode-auto vc-gitem-zone-height-mode-auto-1-1\" style=\"background-image: url('https:\/\/www.agon.esp.br\/wp-content\/uploads\/2025\/08\/daniel-lobato.jpg') !important;\"><img decoding=\"async\" src=\"https:\/\/www.agon.esp.br\/wp-content\/uploads\/2025\/08\/daniel-lobato.jpg\" class=\"vc_gitem-zone-img\" alt=\"Daniel Lobato\"><div class=\"vc_gitem-zone-mini\"><\/div><\/div><\/div><div class=\"vc_gitem-zone vc_gitem-zone-c vc_custom_1419240516480\"><div class=\"vc_gitem-zone-mini\"><div class=\"vc_gitem_row vc_row vc_gitem-row-position-top\"><div class=\"vc_col-sm-12 vc_gitem-col vc_gitem-col-align-\"><div class=\"vc_custom_heading vc_gitem-post-data vc_gitem-post-data-source-post_title\" ><h5 style=\"text-align: center\" >Daniel Lobato<\/h5><\/div><div class=\"vc_gitem-post-meta-field-nascimento vc_gitem-align-left\"><span class=\"vc_gitem-post-meta-label\">Birth:<\/span>22\/04\/1990<\/div><div class=\"vc_gitem-post-meta-field-clubeatual vc_gitem-align-left\"><span class=\"vc_gitem-post-meta-label\">Current Club:<\/span>Minas Futsal<\/div><div class=\"vc_gitem-post-meta-field-experiencias vc_gitem-align-left\"><span class=\"vc_gitem-post-meta-label\">\u00daltimo Clube:<\/span><\/div><div class=\"vc_empty_space\"   style=\"height: 10px\"><span class=\"vc_empty_space_inner\"><\/span><\/div><div class=\"vc_gitem-post-meta-field-redes_sociais vc_gitem-align-center\"><a href=\"https:\/\/www.instagram.com\/daniellobatotreinador\/?hl=pt-br\" class=\"\"><i class=\"sl-social-instagram\" style=\" font-size:22px; color:#c7b93c;\"><\/i><\/a><\/div><div class=\"vc_empty_space\"   style=\"height: 10px\"><span class=\"vc_empty_space_inner\"><\/span><\/div><div class=\"vc_gitem-post-meta-field-curriculo vc_gitem-align-center\"><\/div><div class=\"vc_gitem-post-data vc_gitem-post-data-source-post_categories vc_grid-filter vc_clearfix vc_grid-filter vc_clearfix vc_grid-filter- vc_grid-filter-size-sm vc_grid-filter-center vc_grid-filter-center\"><div class=\"vc_grid-filter-item vc_gitem-post-category-name\"><span class=\"vc_gitem-post-category-name\">COACHES<\/span><\/div><\/div><\/div><\/div><\/div><\/div><\/div><div class=\"vc_clearfix\"><\/div><\/div><div class=\"vc_grid-item vc_clearfix vc_col-sm-3 vc_grid-item-zone-c-bottom\"><div class=\"vc_grid-item-mini vc_clearfix\"><div class=\"vc_gitem-animated-block\" ><div class=\"vc_gitem-zone vc_gitem-zone-a vc-gitem-zone-height-mode-auto vc-gitem-zone-height-mode-auto-1-1\" style=\"background-image: url('https:\/\/www.agon.esp.br\/wp-content\/uploads\/2025\/04\/diogo.jpg') !important;\"><img decoding=\"async\" src=\"https:\/\/www.agon.esp.br\/wp-content\/uploads\/2025\/04\/diogo.jpg\" class=\"vc_gitem-zone-img\" alt=\"Diogo Barros\"><div class=\"vc_gitem-zone-mini\"><\/div><\/div><\/div><div class=\"vc_gitem-zone vc_gitem-zone-c vc_custom_1419240516480\"><div class=\"vc_gitem-zone-mini\"><div class=\"vc_gitem_row vc_row vc_gitem-row-position-top\"><div class=\"vc_col-sm-12 vc_gitem-col vc_gitem-col-align-\"><div class=\"vc_custom_heading vc_gitem-post-data vc_gitem-post-data-source-post_title\" ><h5 style=\"text-align: center\" >Diogo Barros<\/h5><\/div><div class=\"vc_gitem-post-meta-field-nascimento vc_gitem-align-left\"><span class=\"vc_gitem-post-meta-label\">Birth:<\/span>19\/08\/1988<\/div><div class=\"vc_gitem-post-meta-field-clubeatual vc_gitem-align-left\"><span class=\"vc_gitem-post-meta-label\">Current Club:<\/span>Minas Futsal<\/div><div class=\"vc_gitem-post-meta-field-experiencias vc_gitem-align-left\"><span class=\"vc_gitem-post-meta-label\">\u00daltimo Clube:<\/span>Sele\u00e7\u00e3o Brasileira Sub-17<\/div><div class=\"vc_empty_space\"   style=\"height: 10px\"><span class=\"vc_empty_space_inner\"><\/span><\/div><div class=\"vc_gitem-post-meta-field-redes_sociais vc_gitem-align-center\"><a href=\"https:\/\/www.instagram.com\/diogombcouto\/?hl=pt-br\" class=\"\"><i class=\"sl-social-instagram\" style=\" font-size:22px; color:#c7b93c;\"><\/i><\/a><\/div><div class=\"vc_empty_space\"   style=\"height: 10px\"><span class=\"vc_empty_space_inner\"><\/span><\/div><div class=\"vc_gitem-post-meta-field-curriculo vc_gitem-align-center\"><\/div><div class=\"vc_gitem-post-data vc_gitem-post-data-source-post_categories vc_grid-filter vc_clearfix vc_grid-filter vc_clearfix vc_grid-filter- vc_grid-filter-size-sm vc_grid-filter-center vc_grid-filter-center\"><div class=\"vc_grid-filter-item vc_gitem-post-category-name\"><span class=\"vc_gitem-post-category-name\">COACHES<\/span><\/div><\/div><\/div><\/div><\/div><\/div><\/div><div class=\"vc_clearfix\"><\/div><\/div><div class=\"vc_grid-item vc_clearfix vc_col-sm-3 vc_grid-item-zone-c-bottom\"><div class=\"vc_grid-item-mini vc_clearfix\"><div class=\"vc_gitem-animated-block\" ><div class=\"vc_gitem-zone vc_gitem-zone-a vc-gitem-zone-height-mode-auto vc-gitem-zone-height-mode-auto-1-1\" style=\"background-image: url('https:\/\/www.agon.esp.br\/wp-content\/uploads\/2022\/07\/edgar-baldasso.jpg') !important;\"><img decoding=\"async\" src=\"https:\/\/www.agon.esp.br\/wp-content\/uploads\/2022\/07\/edgar-baldasso.jpg\" class=\"vc_gitem-zone-img\" alt=\"Edgar Baldasso\"><div class=\"vc_gitem-zone-mini\"><\/div><\/div><\/div><div class=\"vc_gitem-zone vc_gitem-zone-c vc_custom_1419240516480\"><div class=\"vc_gitem-zone-mini\"><div class=\"vc_gitem_row vc_row vc_gitem-row-position-top\"><div class=\"vc_col-sm-12 vc_gitem-col vc_gitem-col-align-\"><div class=\"vc_custom_heading vc_gitem-post-data vc_gitem-post-data-source-post_title\" ><h5 style=\"text-align: center\" >Edgar Baldasso<\/h5><\/div><div class=\"vc_gitem-post-meta-field-nascimento vc_gitem-align-left\"><span class=\"vc_gitem-post-meta-label\">Birth:<\/span>19\/12\/1986<\/div><div class=\"vc_gitem-post-meta-field-clubeatual vc_gitem-align-left\"><span class=\"vc_gitem-post-meta-label\">Current Club:<\/span>Selangor MAC Futsal - MAL<\/div><div class=\"vc_gitem-post-meta-field-experiencias vc_gitem-align-left\"><span class=\"vc_gitem-post-meta-label\">\u00daltimo Clube:<\/span>ACBF Carlos Barbosa<\/div><div class=\"vc_empty_space\"   style=\"height: 10px\"><span class=\"vc_empty_space_inner\"><\/span><\/div><div class=\"vc_gitem-post-meta-field-redes_sociais vc_gitem-align-center\"><a href=\"https:\/\/www.instagram.com\/edgarbaldasso\/?hl=pt-br\" class=\"\"><i class=\"sl-social-instagram\" style=\" font-size:22px; color:#c7b93c;\"><\/i><\/a><\/div><div class=\"vc_empty_space\"   style=\"height: 10px\"><span class=\"vc_empty_space_inner\"><\/span><\/div><div class=\"vc_gitem-post-meta-field-curriculo vc_gitem-align-center\"><a href=\"https:\/\/www.agon.esp.br\/wp-content\/uploads\/2022\/07\/Edgar-Baldasso-curriculo-2025.pdf\" class=\"button green  medium bordered-bot\" target=\"_blank\"><i class=\"icon-search\"><\/i>DOWNLOAD CURRICULO<\/a><\/div><div class=\"vc_gitem-post-data vc_gitem-post-data-source-post_categories vc_grid-filter vc_clearfix vc_grid-filter vc_clearfix vc_grid-filter- vc_grid-filter-size-sm vc_grid-filter-center vc_grid-filter-center\"><div class=\"vc_grid-filter-item vc_gitem-post-category-name\"><span class=\"vc_gitem-post-category-name\">COACHES<\/span><\/div><\/div><\/div><\/div><\/div><\/div><\/div><div class=\"vc_clearfix\"><\/div><\/div><div class=\"vc_grid-item vc_clearfix vc_col-sm-3 vc_grid-item-zone-c-bottom\"><div class=\"vc_grid-item-mini vc_clearfix\"><div class=\"vc_gitem-animated-block\" ><div class=\"vc_gitem-zone vc_gitem-zone-a vc-gitem-zone-height-mode-auto vc-gitem-zone-height-mode-auto-1-1\" style=\"background-image: url('https:\/\/www.agon.esp.br\/wp-content\/uploads\/2025\/04\/eduardo-coelho-1.jpg') !important;\"><img decoding=\"async\" src=\"https:\/\/www.agon.esp.br\/wp-content\/uploads\/2025\/04\/eduardo-coelho-1.jpg\" class=\"vc_gitem-zone-img\" alt=\"Eduardo Coelho\"><div class=\"vc_gitem-zone-mini\"><\/div><\/div><\/div><div class=\"vc_gitem-zone vc_gitem-zone-c vc_custom_1419240516480\"><div class=\"vc_gitem-zone-mini\"><div class=\"vc_gitem_row vc_row vc_gitem-row-position-top\"><div class=\"vc_col-sm-12 vc_gitem-col vc_gitem-col-align-\"><div class=\"vc_custom_heading vc_gitem-post-data vc_gitem-post-data-source-post_title\" ><h5 style=\"text-align: center\" >Eduardo Coelho<\/h5><\/div><div class=\"vc_gitem-post-meta-field-nascimento vc_gitem-align-left\"><span class=\"vc_gitem-post-meta-label\">Birth:<\/span>28\/04\/1984<\/div><div class=\"vc_gitem-post-meta-field-clubeatual vc_gitem-align-left\"><span class=\"vc_gitem-post-meta-label\">Current Club:<\/span>Cascavel<\/div><div class=\"vc_gitem-post-meta-field-experiencias vc_gitem-align-left\"><span class=\"vc_gitem-post-meta-label\">\u00daltimo Clube:<\/span>Esporte Futuro<\/div><div class=\"vc_empty_space\"   style=\"height: 10px\"><span class=\"vc_empty_space_inner\"><\/span><\/div><div class=\"vc_gitem-post-meta-field-redes_sociais vc_gitem-align-center\"><a href=\"https:\/\/www.instagram.com\/eduardobcoelho\/?hl=pt-br\" class=\"\"><i class=\"sl-social-instagram\" style=\" font-size:22px; color:#c7b93c;\"><\/i><\/a><\/div><div class=\"vc_empty_space\"   style=\"height: 10px\"><span class=\"vc_empty_space_inner\"><\/span><\/div><div class=\"vc_gitem-post-meta-field-curriculo vc_gitem-align-center\"><\/div><div class=\"vc_gitem-post-data vc_gitem-post-data-source-post_categories vc_grid-filter vc_clearfix vc_grid-filter vc_clearfix vc_grid-filter- vc_grid-filter-size-sm vc_grid-filter-center vc_grid-filter-center\"><div class=\"vc_grid-filter-item vc_gitem-post-category-name\"><span class=\"vc_gitem-post-category-name\">COACHES<\/span><\/div><\/div><\/div><\/div><\/div><\/div><\/div><div class=\"vc_clearfix\"><\/div><\/div><div class=\"vc_grid-item vc_clearfix vc_col-sm-3 vc_grid-item-zone-c-bottom\"><div class=\"vc_grid-item-mini vc_clearfix\"><div class=\"vc_gitem-animated-block\" ><div class=\"vc_gitem-zone vc_gitem-zone-a vc-gitem-zone-height-mode-auto vc-gitem-zone-height-mode-auto-1-1\" style=\"background-image: url('https:\/\/www.agon.esp.br\/wp-content\/uploads\/2024\/05\/0Y5A3055-removebg-preview.png') !important;\"><img decoding=\"async\" src=\"https:\/\/www.agon.esp.br\/wp-content\/uploads\/2024\/05\/0Y5A3055-removebg-preview.png\" class=\"vc_gitem-zone-img\" alt=\"Fabinho\"><div class=\"vc_gitem-zone-mini\"><\/div><\/div><\/div><div class=\"vc_gitem-zone vc_gitem-zone-c vc_custom_1419240516480\"><div class=\"vc_gitem-zone-mini\"><div class=\"vc_gitem_row vc_row vc_gitem-row-position-top\"><div class=\"vc_col-sm-12 vc_gitem-col vc_gitem-col-align-\"><div class=\"vc_custom_heading vc_gitem-post-data vc_gitem-post-data-source-post_title\" ><h5 style=\"text-align: center\" >Fabinho<\/h5><\/div><div class=\"vc_gitem-post-meta-field-nascimento vc_gitem-align-left\"><span class=\"vc_gitem-post-meta-label\">Birth:<\/span>31\/01\/1995<\/div><div class=\"vc_gitem-post-meta-field-clubeatual vc_gitem-align-left\"><span class=\"vc_gitem-post-meta-label\">Current Club:<\/span>Jec\/Krona Futsal<\/div><div class=\"vc_gitem-post-meta-field-experiencias vc_gitem-align-left\"><span class=\"vc_gitem-post-meta-label\">\u00daltimo Clube:<\/span><\/div><div class=\"vc_empty_space\"   style=\"height: 10px\"><span class=\"vc_empty_space_inner\"><\/span><\/div><div class=\"vc_gitem-post-meta-field-redes_sociais vc_gitem-align-center\"><a href=\"https:\/\/www.instagram.com\/fabiogaldinofutsal\/?hl=pt-br\" class=\"\"><i class=\"sl-social-instagram\" style=\" font-size:22px; color:#c7b93c;\"><\/i><\/a><\/div><div class=\"vc_empty_space\"   style=\"height: 10px\"><span class=\"vc_empty_space_inner\"><\/span><\/div><div class=\"vc_gitem-post-meta-field-curriculo vc_gitem-align-center\"><\/div><div class=\"vc_gitem-post-data vc_gitem-post-data-source-post_categories vc_grid-filter vc_clearfix vc_grid-filter vc_clearfix vc_grid-filter- vc_grid-filter-size-sm vc_grid-filter-center vc_grid-filter-center\"><div class=\"vc_grid-filter-item vc_gitem-post-category-name\"><span class=\"vc_gitem-post-category-name\">COACHES<\/span><\/div><\/div><\/div><\/div><\/div><\/div><\/div><div class=\"vc_clearfix\"><\/div><\/div><div class=\"vc_grid-item vc_clearfix vc_col-sm-3 vc_grid-item-zone-c-bottom\"><div class=\"vc_grid-item-mini vc_clearfix\"><div class=\"vc_gitem-animated-block\" ><div class=\"vc_gitem-zone vc_gitem-zone-a vc-gitem-zone-height-mode-auto vc-gitem-zone-height-mode-auto-1-1\" style=\"background-image: url('https:\/\/www.agon.esp.br\/wp-content\/uploads\/2023\/06\/felipe.jpg') !important;\"><img decoding=\"async\" src=\"https:\/\/www.agon.esp.br\/wp-content\/uploads\/2023\/06\/felipe.jpg\" class=\"vc_gitem-zone-img\" alt=\"Felipe\"><div class=\"vc_gitem-zone-mini\"><\/div><\/div><\/div><div class=\"vc_gitem-zone vc_gitem-zone-c vc_custom_1419240516480\"><div class=\"vc_gitem-zone-mini\"><div class=\"vc_gitem_row vc_row vc_gitem-row-position-top\"><div class=\"vc_col-sm-12 vc_gitem-col vc_gitem-col-align-\"><div class=\"vc_custom_heading vc_gitem-post-data vc_gitem-post-data-source-post_title\" ><h5 style=\"text-align: center\" >Felipe<\/h5><\/div><div class=\"vc_gitem-post-meta-field-nascimento vc_gitem-align-left\"><span class=\"vc_gitem-post-meta-label\">Birth:<\/span>06\/10\/1986<\/div><div class=\"vc_gitem-post-meta-field-clubeatual vc_gitem-align-left\"><span class=\"vc_gitem-post-meta-label\">Current Club:<\/span>Jaragu\u00e1 Futsal<\/div><div class=\"vc_gitem-post-meta-field-experiencias vc_gitem-align-left\"><span class=\"vc_gitem-post-meta-label\">\u00daltimo Clube:<\/span>Futsal Clube Leo - ARM<\/div><div class=\"vc_empty_space\"   style=\"height: 10px\"><span class=\"vc_empty_space_inner\"><\/span><\/div><div class=\"vc_gitem-post-meta-field-redes_sociais vc_gitem-align-center\"><a href=\"https:\/\/www.instagram.com\/03felipe\/?hl=pt-br\" class=\"\"><i class=\"sl-social-instagram\" style=\" font-size:22px; color:#c7b93c;\"><\/i><\/a><\/div><div class=\"vc_empty_space\"   style=\"height: 10px\"><span class=\"vc_empty_space_inner\"><\/span><\/div><div class=\"vc_gitem-post-meta-field-curriculo vc_gitem-align-center\"><\/div><div class=\"vc_gitem-post-data vc_gitem-post-data-source-post_categories vc_grid-filter vc_clearfix vc_grid-filter vc_clearfix vc_grid-filter- vc_grid-filter-size-sm vc_grid-filter-center vc_grid-filter-center\"><div class=\"vc_grid-filter-item vc_gitem-post-category-name\"><span class=\"vc_gitem-post-category-name\">COACHES<\/span><\/div><\/div><\/div><\/div><\/div><\/div><\/div><div class=\"vc_clearfix\"><\/div><\/div><div class=\"vc_grid-item vc_clearfix vc_col-sm-3 vc_grid-item-zone-c-bottom\"><div class=\"vc_grid-item-mini vc_clearfix\"><div class=\"vc_gitem-animated-block\" ><div class=\"vc_gitem-zone vc_gitem-zone-a vc-gitem-zone-height-mode-auto vc-gitem-zone-height-mode-auto-1-1\" style=\"background-image: url('https:\/\/www.agon.esp.br\/wp-content\/uploads\/2025\/08\/fenardo-1.jpg') !important;\"><img decoding=\"async\" src=\"https:\/\/www.agon.esp.br\/wp-content\/uploads\/2025\/08\/fenardo-1.jpg\" class=\"vc_gitem-zone-img\" alt=\"Fernando Borgert\"><div class=\"vc_gitem-zone-mini\"><\/div><\/div><\/div><div class=\"vc_gitem-zone vc_gitem-zone-c vc_custom_1419240516480\"><div class=\"vc_gitem-zone-mini\"><div class=\"vc_gitem_row vc_row vc_gitem-row-position-top\"><div class=\"vc_col-sm-12 vc_gitem-col vc_gitem-col-align-\"><div class=\"vc_custom_heading vc_gitem-post-data vc_gitem-post-data-source-post_title\" ><h5 style=\"text-align: center\" >Fernando Borgert<\/h5><\/div><div class=\"vc_gitem-post-meta-field-nascimento vc_gitem-align-left\"><span class=\"vc_gitem-post-meta-label\">Birth:<\/span>05\/02\/1996<\/div><div class=\"vc_gitem-post-meta-field-clubeatual vc_gitem-align-left\"><span class=\"vc_gitem-post-meta-label\">Current Club:<\/span>Manoel Ribas<\/div><div class=\"vc_gitem-post-meta-field-experiencias vc_gitem-align-left\"><span class=\"vc_gitem-post-meta-label\">\u00daltimo Clube:<\/span><\/div><div class=\"vc_empty_space\"   style=\"height: 10px\"><span class=\"vc_empty_space_inner\"><\/span><\/div><div class=\"vc_gitem-post-meta-field-redes_sociais vc_gitem-align-center\"><a href=\"https:\/\/www.instagram.com\/f.borgert\/?hl=pt-br\" class=\"\"><i class=\"sl-social-instagram\" style=\" font-size:22px; color:#c7b93c;\"><\/i><\/a><\/div><div class=\"vc_empty_space\"   style=\"height: 10px\"><span class=\"vc_empty_space_inner\"><\/span><\/div><div class=\"vc_gitem-post-meta-field-curriculo vc_gitem-align-center\"><a href=\"https:\/\/www.agon.esp.br\/wp-content\/uploads\/2025\/08\/Fernando-Borgert-curriculo-2025.pdf\" class=\"button green  medium bordered-bot\" target=\"_blank\"><i class=\"icon-search\"><\/i>DOWNLOAD CURRICULO<\/a><\/div><div class=\"vc_gitem-post-data vc_gitem-post-data-source-post_categories vc_grid-filter vc_clearfix vc_grid-filter vc_clearfix vc_grid-filter- vc_grid-filter-size-sm vc_grid-filter-center vc_grid-filter-center\"><div class=\"vc_grid-filter-item vc_gitem-post-category-name\"><span class=\"vc_gitem-post-category-name\">COACHES<\/span><\/div><\/div><\/div><\/div><\/div><\/div><\/div><div class=\"vc_clearfix\"><\/div><\/div><div class=\"vc_grid-item vc_clearfix vc_col-sm-3 vc_grid-item-zone-c-bottom\"><div class=\"vc_grid-item-mini vc_clearfix\"><div class=\"vc_gitem-animated-block\" ><div class=\"vc_gitem-zone vc_gitem-zone-a vc-gitem-zone-height-mode-auto vc-gitem-zone-height-mode-auto-1-1\" style=\"background-image: url('https:\/\/www.agon.esp.br\/wp-content\/uploads\/2022\/07\/Camada_0-removebg-preview.png') !important;\"><img decoding=\"async\" src=\"https:\/\/www.agon.esp.br\/wp-content\/uploads\/2022\/07\/Camada_0-removebg-preview.png\" class=\"vc_gitem-zone-img\" alt=\"Fred Antunes\"><div class=\"vc_gitem-zone-mini\"><\/div><\/div><\/div><div class=\"vc_gitem-zone vc_gitem-zone-c vc_custom_1419240516480\"><div class=\"vc_gitem-zone-mini\"><div class=\"vc_gitem_row vc_row vc_gitem-row-position-top\"><div class=\"vc_col-sm-12 vc_gitem-col vc_gitem-col-align-\"><div class=\"vc_custom_heading vc_gitem-post-data vc_gitem-post-data-source-post_title\" ><h5 style=\"text-align: center\" >Fred Antunes<\/h5><\/div><div class=\"vc_gitem-post-meta-field-nascimento vc_gitem-align-left\"><span class=\"vc_gitem-post-meta-label\">Birth:<\/span>16\/08\/1969<\/div><div class=\"vc_gitem-post-meta-field-clubeatual vc_gitem-align-left\"><span class=\"vc_gitem-post-meta-label\">Current Club:<\/span>Jaragu\u00e1 Futsal<\/div><div class=\"vc_gitem-post-meta-field-experiencias vc_gitem-align-left\"><span class=\"vc_gitem-post-meta-label\">\u00daltimo Clube:<\/span>JEC\/Krona, Kazma, Sele\u00e7\u00e3o Brasileira de Futsal<\/div><div class=\"vc_empty_space\"   style=\"height: 10px\"><span class=\"vc_empty_space_inner\"><\/span><\/div><div class=\"vc_gitem-post-meta-field-redes_sociais vc_gitem-align-center\"><a href=\"https:\/\/www.instagram.com\/antunesfredantunes\/?hl=pt-br\" class=\"\"><i class=\"sl-social-instagram\" style=\" font-size:22px; color:#c7b93c;\"><\/i><\/a><\/div><div class=\"vc_empty_space\"   style=\"height: 10px\"><span class=\"vc_empty_space_inner\"><\/span><\/div><div class=\"vc_gitem-post-meta-field-curriculo vc_gitem-align-center\"><a href=\"#\" class=\"button green  medium bordered-bot\" target=\"_blank\"><i class=\"icon-search\"><\/i>DOWNLOAD CURRICULO<\/a><\/div><div class=\"vc_gitem-post-data vc_gitem-post-data-source-post_categories vc_grid-filter vc_clearfix vc_grid-filter vc_clearfix vc_grid-filter- vc_grid-filter-size-sm vc_grid-filter-center vc_grid-filter-center\"><div class=\"vc_grid-filter-item vc_gitem-post-category-name\"><span class=\"vc_gitem-post-category-name\">COACHES<\/span><\/div><\/div><\/div><\/div><\/div><\/div><\/div><div class=\"vc_clearfix\"><\/div><\/div><div class=\"vc_grid-item vc_clearfix vc_col-sm-3 vc_grid-item-zone-c-bottom\"><div class=\"vc_grid-item-mini vc_clearfix\"><div class=\"vc_gitem-animated-block\" ><div class=\"vc_gitem-zone vc_gitem-zone-a vc-gitem-zone-height-mode-auto vc-gitem-zone-height-mode-auto-1-1\" style=\"background-image: url('https:\/\/www.agon.esp.br\/wp-content\/uploads\/2026\/04\/galell.jpg') !important;\"><img decoding=\"async\" src=\"https:\/\/www.agon.esp.br\/wp-content\/uploads\/2026\/04\/galell.jpg\" class=\"vc_gitem-zone-img\" alt=\"Galelli\"><div class=\"vc_gitem-zone-mini\"><\/div><\/div><\/div><div class=\"vc_gitem-zone vc_gitem-zone-c vc_custom_1419240516480\"><div class=\"vc_gitem-zone-mini\"><div class=\"vc_gitem_row vc_row vc_gitem-row-position-top\"><div class=\"vc_col-sm-12 vc_gitem-col vc_gitem-col-align-\"><div class=\"vc_custom_heading vc_gitem-post-data vc_gitem-post-data-source-post_title\" ><h5 style=\"text-align: center\" >Galelli<\/h5><\/div><div class=\"vc_gitem-post-meta-field-nascimento vc_gitem-align-left\"><span class=\"vc_gitem-post-meta-label\">Birth:<\/span>17\/03\/1997<\/div><div class=\"vc_gitem-post-meta-field-clubeatual vc_gitem-align-left\"><span class=\"vc_gitem-post-meta-label\">Current Club:<\/span>Soberano<\/div><div class=\"vc_gitem-post-meta-field-experiencias vc_gitem-align-left\"><span class=\"vc_gitem-post-meta-label\">\u00daltimo Clube:<\/span>Yeesco<\/div><div class=\"vc_empty_space\"   style=\"height: 10px\"><span class=\"vc_empty_space_inner\"><\/span><\/div><div class=\"vc_gitem-post-meta-field-redes_sociais vc_gitem-align-center\"><\/div><div class=\"vc_empty_space\"   style=\"height: 10px\"><span class=\"vc_empty_space_inner\"><\/span><\/div><div class=\"vc_gitem-post-meta-field-curriculo vc_gitem-align-center\"><\/div><div class=\"vc_gitem-post-data vc_gitem-post-data-source-post_categories vc_grid-filter vc_clearfix vc_grid-filter vc_clearfix vc_grid-filter- vc_grid-filter-size-sm vc_grid-filter-center vc_grid-filter-center\"><div class=\"vc_grid-filter-item vc_gitem-post-category-name\"><span class=\"vc_gitem-post-category-name\">COACHES<\/span><\/div><\/div><\/div><\/div><\/div><\/div><\/div><div class=\"vc_clearfix\"><\/div><\/div><div class=\"vc_grid-item vc_clearfix vc_col-sm-3 vc_grid-item-zone-c-bottom\"><div class=\"vc_grid-item-mini vc_clearfix\"><div class=\"vc_gitem-animated-block\" ><div class=\"vc_gitem-zone vc_gitem-zone-a vc-gitem-zone-height-mode-auto vc-gitem-zone-height-mode-auto-1-1\" style=\"background-image: url('https:\/\/www.agon.esp.br\/wp-content\/uploads\/2024\/03\/barriga.jpg') !important;\"><img decoding=\"async\" src=\"https:\/\/www.agon.esp.br\/wp-content\/uploads\/2024\/03\/barriga.jpg\" class=\"vc_gitem-zone-img\" alt=\"Gustavo Barriga\"><div class=\"vc_gitem-zone-mini\"><\/div><\/div><\/div><div class=\"vc_gitem-zone vc_gitem-zone-c vc_custom_1419240516480\"><div class=\"vc_gitem-zone-mini\"><div class=\"vc_gitem_row vc_row vc_gitem-row-position-top\"><div class=\"vc_col-sm-12 vc_gitem-col vc_gitem-col-align-\"><div class=\"vc_custom_heading vc_gitem-post-data vc_gitem-post-data-source-post_title\" ><h5 style=\"text-align: center\" >Gustavo Barriga<\/h5><\/div><div class=\"vc_gitem-post-meta-field-nascimento vc_gitem-align-left\"><span class=\"vc_gitem-post-meta-label\">Birth:<\/span>11\/10\/1988<\/div><div class=\"vc_gitem-post-meta-field-clubeatual vc_gitem-align-left\"><span class=\"vc_gitem-post-meta-label\">Current Club:<\/span>JEC\/Krona Futsal<\/div><div class=\"vc_gitem-post-meta-field-experiencias vc_gitem-align-left\"><span class=\"vc_gitem-post-meta-label\">\u00daltimo Clube:<\/span>S\u00e3o Francisco Futsal, Leoas da Serra, Sele\u00e7\u00e3o Brasileira Universit\u00e1ria futsal feminino<\/div><div class=\"vc_empty_space\"   style=\"height: 10px\"><span class=\"vc_empty_space_inner\"><\/span><\/div><div class=\"vc_gitem-post-meta-field-redes_sociais vc_gitem-align-center\"><a href=\"https:\/\/www.instagram.com\/prof.gustavobarriga\/?hl=pt-br\" class=\"\"><i class=\"sl-social-instagram\" style=\" font-size:22px; color:#c7b93c;\"><\/i><\/a><\/div><div class=\"vc_empty_space\"   style=\"height: 10px\"><span class=\"vc_empty_space_inner\"><\/span><\/div><div class=\"vc_gitem-post-meta-field-curriculo vc_gitem-align-center\"><\/div><div class=\"vc_gitem-post-data vc_gitem-post-data-source-post_categories vc_grid-filter vc_clearfix vc_grid-filter vc_clearfix vc_grid-filter- vc_grid-filter-size-sm vc_grid-filter-center vc_grid-filter-center\"><div class=\"vc_grid-filter-item vc_gitem-post-category-name\"><span class=\"vc_gitem-post-category-name\">COACHES<\/span><\/div><\/div><\/div><\/div><\/div><\/div><\/div><div class=\"vc_clearfix\"><\/div><\/div><div class=\"vc_grid-item vc_clearfix vc_col-sm-3 vc_grid-item-zone-c-bottom\"><div class=\"vc_grid-item-mini vc_clearfix\"><div class=\"vc_gitem-animated-block\" ><div class=\"vc_gitem-zone vc_gitem-zone-a vc-gitem-zone-height-mode-auto vc-gitem-zone-height-mode-auto-1-1\" style=\"background-image: url('https:\/\/www.agon.esp.br\/wp-content\/uploads\/2024\/05\/hiago-sena.jpg') !important;\"><img decoding=\"async\" src=\"https:\/\/www.agon.esp.br\/wp-content\/uploads\/2024\/05\/hiago-sena.jpg\" class=\"vc_gitem-zone-img\" alt=\"Hiago Sena\"><div class=\"vc_gitem-zone-mini\"><\/div><\/div><\/div><div class=\"vc_gitem-zone vc_gitem-zone-c vc_custom_1419240516480\"><div class=\"vc_gitem-zone-mini\"><div class=\"vc_gitem_row vc_row vc_gitem-row-position-top\"><div class=\"vc_col-sm-12 vc_gitem-col vc_gitem-col-align-\"><div class=\"vc_custom_heading vc_gitem-post-data vc_gitem-post-data-source-post_title\" ><h5 style=\"text-align: center\" >Hiago Sena<\/h5><\/div><div class=\"vc_gitem-post-meta-field-nascimento vc_gitem-align-left\"><span class=\"vc_gitem-post-meta-label\">Birth:<\/span>15\/04\/1993<\/div><div class=\"vc_gitem-post-meta-field-clubeatual vc_gitem-align-left\"><span class=\"vc_gitem-post-meta-label\">Current Club:<\/span>Santo Andr\u00e9<\/div><div class=\"vc_gitem-post-meta-field-experiencias vc_gitem-align-left\"><span class=\"vc_gitem-post-meta-label\">\u00daltimo Clube:<\/span>Santa Maria, Napoli Futsal, S\u00e3o Francisco Futsal<\/div><div class=\"vc_empty_space\"   style=\"height: 10px\"><span class=\"vc_empty_space_inner\"><\/span><\/div><div class=\"vc_gitem-post-meta-field-redes_sociais vc_gitem-align-center\"><a href=\"https:\/\/www.instagram.com\/hiagosena90\/?hl=pt-br\" class=\"\"><i class=\"sl-social-instagram\" style=\" font-size:22px; color:#c7b93c;\"><\/i><\/a><\/div><div class=\"vc_empty_space\"   style=\"height: 10px\"><span class=\"vc_empty_space_inner\"><\/span><\/div><div class=\"vc_gitem-post-meta-field-curriculo vc_gitem-align-center\"><a href=\"https:\/\/www.agon.esp.br\/wp-content\/uploads\/2024\/05\/Hiago-Sena-curriculo-2025.pdf\" class=\"button green  medium bordered-bot\" target=\"_blank\"><i class=\"icon-search\"><\/i>DOWNLOAD CURRICULO<\/a><\/div><div class=\"vc_gitem-post-data vc_gitem-post-data-source-post_categories vc_grid-filter vc_clearfix vc_grid-filter vc_clearfix vc_grid-filter- vc_grid-filter-size-sm vc_grid-filter-center vc_grid-filter-center\"><div class=\"vc_grid-filter-item vc_gitem-post-category-name\"><span class=\"vc_gitem-post-category-name\">COACHES<\/span><\/div><\/div><\/div><\/div><\/div><\/div><\/div><div class=\"vc_clearfix\"><\/div><\/div><div class=\"vc_grid-item vc_clearfix vc_col-sm-3 vc_grid-item-zone-c-bottom\"><div class=\"vc_grid-item-mini vc_clearfix\"><div class=\"vc_gitem-animated-block\" ><div class=\"vc_gitem-zone vc_gitem-zone-a vc-gitem-zone-height-mode-auto vc-gitem-zone-height-mode-auto-1-1\" style=\"background-image: url('https:\/\/www.agon.esp.br\/wp-content\/uploads\/2022\/07\/igor-poffo-2.jpg') !important;\"><img decoding=\"async\" src=\"https:\/\/www.agon.esp.br\/wp-content\/uploads\/2022\/07\/igor-poffo-2.jpg\" class=\"vc_gitem-zone-img\" alt=\"Igor Poffo\"><div class=\"vc_gitem-zone-mini\"><\/div><\/div><\/div><div class=\"vc_gitem-zone vc_gitem-zone-c vc_custom_1419240516480\"><div class=\"vc_gitem-zone-mini\"><div class=\"vc_gitem_row vc_row vc_gitem-row-position-top\"><div class=\"vc_col-sm-12 vc_gitem-col vc_gitem-col-align-\"><div class=\"vc_custom_heading vc_gitem-post-data vc_gitem-post-data-source-post_title\" ><h5 style=\"text-align: center\" >Igor Poffo<\/h5><\/div><div class=\"vc_gitem-post-meta-field-nascimento vc_gitem-align-left\"><span class=\"vc_gitem-post-meta-label\">Birth:<\/span>08\/03\/1983<\/div><div class=\"vc_gitem-post-meta-field-clubeatual vc_gitem-align-left\"><span class=\"vc_gitem-post-meta-label\">Current Club:<\/span>S\u00e3o Joseense<\/div><div class=\"vc_gitem-post-meta-field-experiencias vc_gitem-align-left\"><span class=\"vc_gitem-post-meta-label\">\u00daltimo Clube:<\/span>Dois Vizinhos, Cerro Largo Futsal, S\u00e3o Jos\u00e9 dos Pinhais, Coritiba Futsal, ACEL Chopinzinho<\/div><div class=\"vc_empty_space\"   style=\"height: 10px\"><span class=\"vc_empty_space_inner\"><\/span><\/div><div class=\"vc_gitem-post-meta-field-redes_sociais vc_gitem-align-center\"><a href=\"https:\/\/www.instagram.com\/igorpoffo\/?hl=pt-br\" class=\"\"><i class=\"sl-social-instagram\" style=\" font-size:22px; color:#c7b93c;\"><\/i><\/a><\/div><div class=\"vc_empty_space\"   style=\"height: 10px\"><span class=\"vc_empty_space_inner\"><\/span><\/div><div class=\"vc_gitem-post-meta-field-curriculo vc_gitem-align-center\"><a href=\"https:\/\/www.agon.esp.br\/wp-content\/uploads\/2022\/07\/Igor-Poffo-curriculo-2025.pdf\" class=\"button green  medium bordered-bot\" target=\"_blank\"><i class=\"icon-search\"><\/i>DOWNLOAD CURRICULO<\/a><\/div><div class=\"vc_gitem-post-data vc_gitem-post-data-source-post_categories vc_grid-filter vc_clearfix vc_grid-filter vc_clearfix vc_grid-filter- vc_grid-filter-size-sm vc_grid-filter-center vc_grid-filter-center\"><div class=\"vc_grid-filter-item vc_gitem-post-category-name\"><span class=\"vc_gitem-post-category-name\">COACHES<\/span><\/div><\/div><\/div><\/div><\/div><\/div><\/div><div class=\"vc_clearfix\"><\/div><\/div><div class=\"vc_grid-item vc_clearfix vc_col-sm-3 vc_grid-item-zone-c-bottom\"><div class=\"vc_grid-item-mini vc_clearfix\"><div class=\"vc_gitem-animated-block\" ><div class=\"vc_gitem-zone vc_gitem-zone-a vc-gitem-zone-height-mode-auto vc-gitem-zone-height-mode-auto-1-1\" style=\"background-image: url('https:\/\/www.agon.esp.br\/wp-content\/uploads\/2026\/04\/japa.jpg') !important;\"><img decoding=\"async\" src=\"https:\/\/www.agon.esp.br\/wp-content\/uploads\/2026\/04\/japa.jpg\" class=\"vc_gitem-zone-img\" alt=\"Japa\"><div class=\"vc_gitem-zone-mini\"><\/div><\/div><\/div><div class=\"vc_gitem-zone vc_gitem-zone-c vc_custom_1419240516480\"><div class=\"vc_gitem-zone-mini\"><div class=\"vc_gitem_row vc_row vc_gitem-row-position-top\"><div class=\"vc_col-sm-12 vc_gitem-col vc_gitem-col-align-\"><div class=\"vc_custom_heading vc_gitem-post-data vc_gitem-post-data-source-post_title\" ><h5 style=\"text-align: center\" >Japa<\/h5><\/div><div class=\"vc_gitem-post-meta-field-nascimento vc_gitem-align-left\"><span class=\"vc_gitem-post-meta-label\">Birth:<\/span>13\/10\/1991<\/div><div class=\"vc_gitem-post-meta-field-clubeatual vc_gitem-align-left\"><span class=\"vc_gitem-post-meta-label\">Current Club:<\/span>S\u00e3o Louren\u00e7o<\/div><div class=\"vc_gitem-post-meta-field-experiencias vc_gitem-align-left\"><span class=\"vc_gitem-post-meta-label\">\u00daltimo Clube:<\/span>Jec\/Krona Base<\/div><div class=\"vc_empty_space\"   style=\"height: 10px\"><span class=\"vc_empty_space_inner\"><\/span><\/div><div class=\"vc_gitem-post-meta-field-redes_sociais vc_gitem-align-center\"><\/div><div class=\"vc_empty_space\"   style=\"height: 10px\"><span class=\"vc_empty_space_inner\"><\/span><\/div><div class=\"vc_gitem-post-meta-field-curriculo vc_gitem-align-center\"><\/div><div class=\"vc_gitem-post-data vc_gitem-post-data-source-post_categories vc_grid-filter vc_clearfix vc_grid-filter vc_clearfix vc_grid-filter- vc_grid-filter-size-sm vc_grid-filter-center vc_grid-filter-center\"><div class=\"vc_grid-filter-item vc_gitem-post-category-name\"><span class=\"vc_gitem-post-category-name\">COACHES<\/span><\/div><\/div><\/div><\/div><\/div><\/div><\/div><div class=\"vc_clearfix\"><\/div><\/div><div class=\"vc_grid-item vc_clearfix vc_col-sm-3 vc_grid-item-zone-c-bottom\"><div class=\"vc_grid-item-mini vc_clearfix\"><div class=\"vc_gitem-animated-block\" ><div class=\"vc_gitem-zone vc_gitem-zone-a vc-gitem-zone-height-mode-auto vc-gitem-zone-height-mode-auto-1-1\" style=\"background-image: url('https:\/\/www.agon.esp.br\/wp-content\/uploads\/2026\/04\/leo-schroeder.jpg') !important;\"><img decoding=\"async\" src=\"https:\/\/www.agon.esp.br\/wp-content\/uploads\/2026\/04\/leo-schroeder.jpg\" class=\"vc_gitem-zone-img\" alt=\"L\u00e9o Schroeder\"><div class=\"vc_gitem-zone-mini\"><\/div><\/div><\/div><div class=\"vc_gitem-zone vc_gitem-zone-c vc_custom_1419240516480\"><div class=\"vc_gitem-zone-mini\"><div class=\"vc_gitem_row vc_row vc_gitem-row-position-top\"><div class=\"vc_col-sm-12 vc_gitem-col vc_gitem-col-align-\"><div class=\"vc_custom_heading vc_gitem-post-data vc_gitem-post-data-source-post_title\" ><h5 style=\"text-align: center\" >L\u00e9o Schroeder<\/h5><\/div><div class=\"vc_gitem-post-meta-field-nascimento vc_gitem-align-left\"><span class=\"vc_gitem-post-meta-label\">Birth:<\/span>27\/05\/1986<\/div><div class=\"vc_gitem-post-meta-field-clubeatual vc_gitem-align-left\"><span class=\"vc_gitem-post-meta-label\">Current Club:<\/span>Chapecoense<\/div><div class=\"vc_gitem-post-meta-field-experiencias vc_gitem-align-left\"><span class=\"vc_gitem-post-meta-label\">\u00daltimo Clube:<\/span><\/div><div class=\"vc_empty_space\"   style=\"height: 10px\"><span class=\"vc_empty_space_inner\"><\/span><\/div><div class=\"vc_gitem-post-meta-field-redes_sociais vc_gitem-align-center\"><\/div><div class=\"vc_empty_space\"   style=\"height: 10px\"><span class=\"vc_empty_space_inner\"><\/span><\/div><div class=\"vc_gitem-post-meta-field-curriculo vc_gitem-align-center\"><\/div><div class=\"vc_gitem-post-data vc_gitem-post-data-source-post_categories vc_grid-filter vc_clearfix vc_grid-filter vc_clearfix vc_grid-filter- vc_grid-filter-size-sm vc_grid-filter-center vc_grid-filter-center\"><div class=\"vc_grid-filter-item vc_gitem-post-category-name\"><span class=\"vc_gitem-post-category-name\">COACHES<\/span><\/div><\/div><\/div><\/div><\/div><\/div><\/div><div class=\"vc_clearfix\"><\/div><\/div><div class=\"vc_grid-item vc_clearfix vc_col-sm-3 vc_grid-item-zone-c-bottom\"><div class=\"vc_grid-item-mini vc_clearfix\"><div class=\"vc_gitem-animated-block\" ><div class=\"vc_gitem-zone vc_gitem-zone-a vc-gitem-zone-height-mode-auto vc-gitem-zone-height-mode-auto-1-1\" style=\"background-image: url('https:\/\/www.agon.esp.br\/wp-content\/uploads\/2026\/04\/leo-silva.jpg') !important;\"><img decoding=\"async\" src=\"https:\/\/www.agon.esp.br\/wp-content\/uploads\/2026\/04\/leo-silva.jpg\" class=\"vc_gitem-zone-img\" alt=\"L\u00e9o Silva\"><div class=\"vc_gitem-zone-mini\"><\/div><\/div><\/div><div class=\"vc_gitem-zone vc_gitem-zone-c vc_custom_1419240516480\"><div class=\"vc_gitem-zone-mini\"><div class=\"vc_gitem_row vc_row vc_gitem-row-position-top\"><div class=\"vc_col-sm-12 vc_gitem-col vc_gitem-col-align-\"><div class=\"vc_custom_heading vc_gitem-post-data vc_gitem-post-data-source-post_title\" ><h5 style=\"text-align: center\" >L\u00e9o Silva<\/h5><\/div><div class=\"vc_gitem-post-meta-field-nascimento vc_gitem-align-left\"><span class=\"vc_gitem-post-meta-label\">Birth:<\/span>06\/03\/1985<\/div><div class=\"vc_gitem-post-meta-field-clubeatual vc_gitem-align-left\"><span class=\"vc_gitem-post-meta-label\">Current Club:<\/span>Atl\u00e9tico Piuauiense<\/div><div class=\"vc_gitem-post-meta-field-experiencias vc_gitem-align-left\"><span class=\"vc_gitem-post-meta-label\">\u00daltimo Clube:<\/span>AABB\/Mesa 14<\/div><div class=\"vc_empty_space\"   style=\"height: 10px\"><span class=\"vc_empty_space_inner\"><\/span><\/div><div class=\"vc_gitem-post-meta-field-redes_sociais vc_gitem-align-center\"><\/div><div class=\"vc_empty_space\"   style=\"height: 10px\"><span class=\"vc_empty_space_inner\"><\/span><\/div><div class=\"vc_gitem-post-meta-field-curriculo vc_gitem-align-center\"><\/div><div class=\"vc_gitem-post-data vc_gitem-post-data-source-post_categories vc_grid-filter vc_clearfix vc_grid-filter vc_clearfix vc_grid-filter- vc_grid-filter-size-sm vc_grid-filter-center vc_grid-filter-center\"><div class=\"vc_grid-filter-item vc_gitem-post-category-name\"><span class=\"vc_gitem-post-category-name\">COACHES<\/span><\/div><\/div><\/div><\/div><\/div><\/div><\/div><div class=\"vc_clearfix\"><\/div><\/div><div class=\"vc_grid-item vc_clearfix vc_col-sm-3 vc_grid-item-zone-c-bottom\"><div class=\"vc_grid-item-mini vc_clearfix\"><div class=\"vc_gitem-animated-block\" ><div class=\"vc_gitem-zone vc_gitem-zone-a vc-gitem-zone-height-mode-auto vc-gitem-zone-height-mode-auto-1-1\" style=\"background-image: url('https:\/\/www.agon.esp.br\/wp-content\/uploads\/2022\/07\/lucas-chioro.jpg') !important;\"><img decoding=\"async\" src=\"https:\/\/www.agon.esp.br\/wp-content\/uploads\/2022\/07\/lucas-chioro.jpg\" class=\"vc_gitem-zone-img\" alt=\"Lucas Chioro\"><div class=\"vc_gitem-zone-mini\"><\/div><\/div><\/div><div class=\"vc_gitem-zone vc_gitem-zone-c vc_custom_1419240516480\"><div class=\"vc_gitem-zone-mini\"><div class=\"vc_gitem_row vc_row vc_gitem-row-position-top\"><div class=\"vc_col-sm-12 vc_gitem-col vc_gitem-col-align-\"><div class=\"vc_custom_heading vc_gitem-post-data vc_gitem-post-data-source-post_title\" ><h5 style=\"text-align: center\" >Lucas Chioro<\/h5><\/div><div class=\"vc_gitem-post-meta-field-nascimento vc_gitem-align-left\"><span class=\"vc_gitem-post-meta-label\">Birth:<\/span>31\/07\/1971<\/div><div class=\"vc_gitem-post-meta-field-clubeatual vc_gitem-align-left\"><span class=\"vc_gitem-post-meta-label\">Current Club:<\/span>Pescadola Machida - Jap\u00e3o<\/div><div class=\"vc_gitem-post-meta-field-experiencias vc_gitem-align-left\"><span class=\"vc_gitem-post-meta-label\">\u00daltimo Clube:<\/span>Cascavel, AEU, Juventude AG, Jaragu\u00e1 Futsal, Henan Xinda Football Club-CHI,  S\u00e3o Jos\u00e9 Futsal, Campo Mour\u00e3o, S\u00e3o Miguel do Igua\u00e7u<\/div><div class=\"vc_empty_space\"   style=\"height: 10px\"><span class=\"vc_empty_space_inner\"><\/span><\/div><div class=\"vc_gitem-post-meta-field-redes_sociais vc_gitem-align-center\"><\/div><div class=\"vc_empty_space\"   style=\"height: 10px\"><span class=\"vc_empty_space_inner\"><\/span><\/div><div class=\"vc_gitem-post-meta-field-curriculo vc_gitem-align-center\"><a href=\"https:\/\/www.agon.esp.br\/wp-content\/uploads\/2022\/07\/Lucas-Chioro-curriculo-2025.pdf\" class=\"button green  medium bordered-bot\" target=\"_blank\"><i class=\"icon-search\"><\/i>DOWNLOAD CURRICULO<\/a><\/div><div class=\"vc_gitem-post-data vc_gitem-post-data-source-post_categories vc_grid-filter vc_clearfix vc_grid-filter vc_clearfix vc_grid-filter- vc_grid-filter-size-sm vc_grid-filter-center vc_grid-filter-center\"><div class=\"vc_grid-filter-item vc_gitem-post-category-name\"><span class=\"vc_gitem-post-category-name\">COACHES<\/span><\/div><\/div><\/div><\/div><\/div><\/div><\/div><div class=\"vc_clearfix\"><\/div><\/div><div class=\"vc_grid-item vc_clearfix vc_col-sm-3 vc_grid-item-zone-c-bottom\"><div class=\"vc_grid-item-mini vc_clearfix\"><div class=\"vc_gitem-animated-block\" ><div class=\"vc_gitem-zone vc_gitem-zone-a vc-gitem-zone-height-mode-auto vc-gitem-zone-height-mode-auto-1-1\" style=\"background-image: url('https:\/\/www.agon.esp.br\/wp-content\/uploads\/2026\/04\/mario.jpg') !important;\"><img decoding=\"async\" src=\"https:\/\/www.agon.esp.br\/wp-content\/uploads\/2026\/04\/mario.jpg\" class=\"vc_gitem-zone-img\" alt=\"M\u00e1rio\"><div class=\"vc_gitem-zone-mini\"><\/div><\/div><\/div><div class=\"vc_gitem-zone vc_gitem-zone-c vc_custom_1419240516480\"><div class=\"vc_gitem-zone-mini\"><div class=\"vc_gitem_row vc_row vc_gitem-row-position-top\"><div class=\"vc_col-sm-12 vc_gitem-col vc_gitem-col-align-\"><div class=\"vc_custom_heading vc_gitem-post-data vc_gitem-post-data-source-post_title\" ><h5 style=\"text-align: center\" >M\u00e1rio<\/h5><\/div><div class=\"vc_gitem-post-meta-field-nascimento vc_gitem-align-left\"><span class=\"vc_gitem-post-meta-label\">Birth:<\/span>19\/08\/1993<\/div><div class=\"vc_gitem-post-meta-field-clubeatual vc_gitem-align-left\"><span class=\"vc_gitem-post-meta-label\">Current Club:<\/span>Conc\u00f3rdia<\/div><div class=\"vc_gitem-post-meta-field-experiencias vc_gitem-align-left\"><span class=\"vc_gitem-post-meta-label\">\u00daltimo Clube:<\/span><\/div><div class=\"vc_empty_space\"   style=\"height: 10px\"><span class=\"vc_empty_space_inner\"><\/span><\/div><div class=\"vc_gitem-post-meta-field-redes_sociais vc_gitem-align-center\"><\/div><div class=\"vc_empty_space\"   style=\"height: 10px\"><span class=\"vc_empty_space_inner\"><\/span><\/div><div class=\"vc_gitem-post-meta-field-curriculo vc_gitem-align-center\"><\/div><div class=\"vc_gitem-post-data vc_gitem-post-data-source-post_categories vc_grid-filter vc_clearfix vc_grid-filter vc_clearfix vc_grid-filter- vc_grid-filter-size-sm vc_grid-filter-center vc_grid-filter-center\"><div class=\"vc_grid-filter-item vc_gitem-post-category-name\"><span class=\"vc_gitem-post-category-name\">COACHES<\/span><\/div><\/div><\/div><\/div><\/div><\/div><\/div><div class=\"vc_clearfix\"><\/div><\/div><div class=\"vc_grid-item vc_clearfix vc_col-sm-3 vc_grid-item-zone-c-bottom\"><div class=\"vc_grid-item-mini vc_clearfix\"><div class=\"vc_gitem-animated-block\" ><div class=\"vc_gitem-zone vc_gitem-zone-a vc-gitem-zone-height-mode-auto vc-gitem-zone-height-mode-auto-1-1\" style=\"background-image: url('https:\/\/www.agon.esp.br\/wp-content\/uploads\/2025\/04\/matheus-holanda-1.jpg') !important;\"><img decoding=\"async\" src=\"https:\/\/www.agon.esp.br\/wp-content\/uploads\/2025\/04\/matheus-holanda-1.jpg\" class=\"vc_gitem-zone-img\" alt=\"Matheus Holanda\"><div class=\"vc_gitem-zone-mini\"><\/div><\/div><\/div><div class=\"vc_gitem-zone vc_gitem-zone-c vc_custom_1419240516480\"><div class=\"vc_gitem-zone-mini\"><div class=\"vc_gitem_row vc_row vc_gitem-row-position-top\"><div class=\"vc_col-sm-12 vc_gitem-col vc_gitem-col-align-\"><div class=\"vc_custom_heading vc_gitem-post-data vc_gitem-post-data-source-post_title\" ><h5 style=\"text-align: center\" >Matheus Holanda<\/h5><\/div><div class=\"vc_gitem-post-meta-field-nascimento vc_gitem-align-left\"><span class=\"vc_gitem-post-meta-label\">Birth:<\/span>21\/09\/1992<\/div><div class=\"vc_gitem-post-meta-field-clubeatual vc_gitem-align-left\"><span class=\"vc_gitem-post-meta-label\">Current Club:<\/span>Tubar\u00e3o<\/div><div class=\"vc_gitem-post-meta-field-experiencias vc_gitem-align-left\"><span class=\"vc_gitem-post-meta-label\">\u00daltimo Clube:<\/span>Esporte Futuro<\/div><div class=\"vc_empty_space\"   style=\"height: 10px\"><span class=\"vc_empty_space_inner\"><\/span><\/div><div class=\"vc_gitem-post-meta-field-redes_sociais vc_gitem-align-center\"><a href=\"https:\/\/www.instagram.com\/matheusfutsal92\/?hl=pt-br\" class=\"\"><i class=\"sl-social-instagram\" style=\" font-size:22px; color:#c7b93c;\"><\/i><\/a><\/div><div class=\"vc_empty_space\"   style=\"height: 10px\"><span class=\"vc_empty_space_inner\"><\/span><\/div><div class=\"vc_gitem-post-meta-field-curriculo vc_gitem-align-center\"><\/div><div class=\"vc_gitem-post-data vc_gitem-post-data-source-post_categories vc_grid-filter vc_clearfix vc_grid-filter vc_clearfix vc_grid-filter- vc_grid-filter-size-sm vc_grid-filter-center vc_grid-filter-center\"><div class=\"vc_grid-filter-item vc_gitem-post-category-name\"><span class=\"vc_gitem-post-category-name\">COACHES<\/span><\/div><\/div><\/div><\/div><\/div><\/div><\/div><div class=\"vc_clearfix\"><\/div><\/div><div class=\"vc_grid-item vc_clearfix vc_col-sm-3 vc_grid-item-zone-c-bottom\"><div class=\"vc_grid-item-mini vc_clearfix\"><div class=\"vc_gitem-animated-block\" ><div class=\"vc_gitem-zone vc_gitem-zone-a vc-gitem-zone-height-mode-auto vc-gitem-zone-height-mode-auto-1-1\" style=\"background-image: url('https:\/\/www.agon.esp.br\/wp-content\/uploads\/2025\/04\/miqueias.jpg') !important;\"><img decoding=\"async\" src=\"https:\/\/www.agon.esp.br\/wp-content\/uploads\/2025\/04\/miqueias.jpg\" class=\"vc_gitem-zone-img\" alt=\"Miqu\u00e9as\"><div class=\"vc_gitem-zone-mini\"><\/div><\/div><\/div><div class=\"vc_gitem-zone vc_gitem-zone-c vc_custom_1419240516480\"><div class=\"vc_gitem-zone-mini\"><div class=\"vc_gitem_row vc_row vc_gitem-row-position-top\"><div class=\"vc_col-sm-12 vc_gitem-col vc_gitem-col-align-\"><div class=\"vc_custom_heading vc_gitem-post-data vc_gitem-post-data-source-post_title\" ><h5 style=\"text-align: center\" >Miqu\u00e9as<\/h5><\/div><div class=\"vc_gitem-post-meta-field-nascimento vc_gitem-align-left\"><span class=\"vc_gitem-post-meta-label\">Birth:<\/span>05\/05\/1987<\/div><div class=\"vc_gitem-post-meta-field-clubeatual vc_gitem-align-left\"><span class=\"vc_gitem-post-meta-label\">Current Club:<\/span>Campo Mour\u00e3o<\/div><div class=\"vc_gitem-post-meta-field-experiencias vc_gitem-align-left\"><span class=\"vc_gitem-post-meta-label\">\u00daltimo Clube:<\/span><\/div><div class=\"vc_empty_space\"   style=\"height: 10px\"><span class=\"vc_empty_space_inner\"><\/span><\/div><div class=\"vc_gitem-post-meta-field-redes_sociais vc_gitem-align-center\"><a href=\"https:\/\/www.instagram.com\/miqueiascorreia\/?hl=pt-br\" class=\"\"><i class=\"sl-social-instagram\" style=\" font-size:22px; color:#c7b93c;\"><\/i><\/a><\/div><div class=\"vc_empty_space\"   style=\"height: 10px\"><span class=\"vc_empty_space_inner\"><\/span><\/div><div class=\"vc_gitem-post-meta-field-curriculo vc_gitem-align-center\"><a href=\"https:\/\/www.agon.esp.br\/wp-content\/uploads\/2025\/04\/Miqueias-curriculo-2025.pdf\" class=\"button green  medium bordered-bot\" target=\"_blank\"><i class=\"icon-search\"><\/i>DOWNLOAD CURRICULO<\/a><\/div><div class=\"vc_gitem-post-data vc_gitem-post-data-source-post_categories vc_grid-filter vc_clearfix vc_grid-filter vc_clearfix vc_grid-filter- vc_grid-filter-size-sm vc_grid-filter-center vc_grid-filter-center\"><div class=\"vc_grid-filter-item vc_gitem-post-category-name\"><span class=\"vc_gitem-post-category-name\">COACHES<\/span><\/div><\/div><\/div><\/div><\/div><\/div><\/div><div class=\"vc_clearfix\"><\/div><\/div><div class=\"vc_grid-item vc_clearfix vc_col-sm-3 vc_grid-item-zone-c-bottom\"><div class=\"vc_grid-item-mini vc_clearfix\"><div class=\"vc_gitem-animated-block\" ><div class=\"vc_gitem-zone vc_gitem-zone-a vc-gitem-zone-height-mode-auto vc-gitem-zone-height-mode-auto-1-1\" style=\"background-image: url('https:\/\/www.agon.esp.br\/wp-content\/uploads\/2025\/04\/osmarjr.jpg') !important;\"><img decoding=\"async\" src=\"https:\/\/www.agon.esp.br\/wp-content\/uploads\/2025\/04\/osmarjr.jpg\" class=\"vc_gitem-zone-img\" alt=\"Osmar Jr\"><div class=\"vc_gitem-zone-mini\"><\/div><\/div><\/div><div class=\"vc_gitem-zone vc_gitem-zone-c vc_custom_1419240516480\"><div class=\"vc_gitem-zone-mini\"><div class=\"vc_gitem_row vc_row vc_gitem-row-position-top\"><div class=\"vc_col-sm-12 vc_gitem-col vc_gitem-col-align-\"><div class=\"vc_custom_heading vc_gitem-post-data vc_gitem-post-data-source-post_title\" ><h5 style=\"text-align: center\" >Osmar Jr<\/h5><\/div><div class=\"vc_gitem-post-meta-field-nascimento vc_gitem-align-left\"><span class=\"vc_gitem-post-meta-label\">Birth:<\/span>31\/01\/1983<\/div><div class=\"vc_gitem-post-meta-field-clubeatual vc_gitem-align-left\"><span class=\"vc_gitem-post-meta-label\">Current Club:<\/span>Vivaz<\/div><div class=\"vc_gitem-post-meta-field-experiencias vc_gitem-align-left\"><span class=\"vc_gitem-post-meta-label\">\u00daltimo Clube:<\/span><\/div><div class=\"vc_empty_space\"   style=\"height: 10px\"><span class=\"vc_empty_space_inner\"><\/span><\/div><div class=\"vc_gitem-post-meta-field-redes_sociais vc_gitem-align-center\"><a href=\"https:\/\/www.instagram.com\/osmarjunior10\/?hl=pt-br\" class=\"\"><i class=\"sl-social-instagram\" style=\" font-size:22px; color:#c7b93c;\"><\/i><\/a><\/div><div class=\"vc_empty_space\"   style=\"height: 10px\"><span class=\"vc_empty_space_inner\"><\/span><\/div><div class=\"vc_gitem-post-meta-field-curriculo vc_gitem-align-center\"><a href=\"https:\/\/www.agon.esp.br\/wp-content\/uploads\/2025\/04\/Osmar-Jr-curriculo-2025.pdf\" class=\"button green  medium bordered-bot\" target=\"_blank\"><i class=\"icon-search\"><\/i>DOWNLOAD CURRICULO<\/a><\/div><div class=\"vc_gitem-post-data vc_gitem-post-data-source-post_categories vc_grid-filter vc_clearfix vc_grid-filter vc_clearfix vc_grid-filter- vc_grid-filter-size-sm vc_grid-filter-center vc_grid-filter-center\"><div class=\"vc_grid-filter-item vc_gitem-post-category-name\"><span class=\"vc_gitem-post-category-name\">COACHES<\/span><\/div><\/div><\/div><\/div><\/div><\/div><\/div><div class=\"vc_clearfix\"><\/div><\/div><div class=\"vc_grid-item vc_clearfix vc_col-sm-3 vc_grid-item-zone-c-bottom\"><div class=\"vc_grid-item-mini vc_clearfix\"><div class=\"vc_gitem-animated-block\" ><div class=\"vc_gitem-zone vc_gitem-zone-a vc-gitem-zone-height-mode-auto vc-gitem-zone-height-mode-auto-1-1\" style=\"background-image: url('https:\/\/www.agon.esp.br\/wp-content\/uploads\/2022\/07\/paulinho-1.jpg') !important;\"><img decoding=\"async\" src=\"https:\/\/www.agon.esp.br\/wp-content\/uploads\/2022\/07\/paulinho-1.jpg\" class=\"vc_gitem-zone-img\" alt=\"Paulinho Gambier\"><div class=\"vc_gitem-zone-mini\"><\/div><\/div><\/div><div class=\"vc_gitem-zone vc_gitem-zone-c vc_custom_1419240516480\"><div class=\"vc_gitem-zone-mini\"><div class=\"vc_gitem_row vc_row vc_gitem-row-position-top\"><div class=\"vc_col-sm-12 vc_gitem-col vc_gitem-col-align-\"><div class=\"vc_custom_heading vc_gitem-post-data vc_gitem-post-data-source-post_title\" ><h5 style=\"text-align: center\" >Paulinho Gambier<\/h5><\/div><div class=\"vc_gitem-post-meta-field-nascimento vc_gitem-align-left\"><span class=\"vc_gitem-post-meta-label\">Birth:<\/span>27\/01\/1996<\/div><div class=\"vc_gitem-post-meta-field-clubeatual vc_gitem-align-left\"><span class=\"vc_gitem-post-meta-label\">Current Club:<\/span>Umuarama<\/div><div class=\"vc_gitem-post-meta-field-experiencias vc_gitem-align-left\"><span class=\"vc_gitem-post-meta-label\">\u00daltimo Clube:<\/span>Conc\u00f3rdia, Santa Rosa Futsal, Marau, Sercessa, AEU Uruguaiana Futsal, Jec\/Krona Futsal, ACEL Chopinzinho, Marreco Futsal<\/div><div class=\"vc_empty_space\"   style=\"height: 10px\"><span class=\"vc_empty_space_inner\"><\/span><\/div><div class=\"vc_gitem-post-meta-field-redes_sociais vc_gitem-align-center\"><a href=\"https:\/\/www.instagram.com\/paulinho_gambier\/?hl=pt-br\" class=\"\"><i class=\"sl-social-instagram\" style=\" font-size:22px; color:#c7b93c;\"><\/i><\/a><\/div><div class=\"vc_empty_space\"   style=\"height: 10px\"><span class=\"vc_empty_space_inner\"><\/span><\/div><div class=\"vc_gitem-post-meta-field-curriculo vc_gitem-align-center\"><a href=\"https:\/\/www.agon.esp.br\/wp-content\/uploads\/2022\/07\/Paulinho-Gambier-curriculo-2025.pdf\" class=\"button green  medium bordered-bot\" target=\"_blank\"><i class=\"icon-search\"><\/i>DOWNLOAD CURRICULO<\/a><\/div><div class=\"vc_gitem-post-data vc_gitem-post-data-source-post_categories vc_grid-filter vc_clearfix vc_grid-filter vc_clearfix vc_grid-filter- vc_grid-filter-size-sm vc_grid-filter-center vc_grid-filter-center\"><div class=\"vc_grid-filter-item vc_gitem-post-category-name\"><span class=\"vc_gitem-post-category-name\">COACHES<\/span><\/div><\/div><\/div><\/div><\/div><\/div><\/div><div class=\"vc_clearfix\"><\/div><\/div><div class=\"vc_grid-item vc_clearfix vc_col-sm-3 vc_grid-item-zone-c-bottom\"><div class=\"vc_grid-item-mini vc_clearfix\"><div class=\"vc_gitem-animated-block\" ><div class=\"vc_gitem-zone vc_gitem-zone-a vc-gitem-zone-height-mode-auto vc-gitem-zone-height-mode-auto-1-1\" style=\"background-image: url('https:\/\/www.agon.esp.br\/wp-content\/uploads\/2026\/04\/pica-pau.jpg') !important;\"><img decoding=\"async\" src=\"https:\/\/www.agon.esp.br\/wp-content\/uploads\/2026\/04\/pica-pau.jpg\" class=\"vc_gitem-zone-img\" alt=\"Pica-Pau\"><div class=\"vc_gitem-zone-mini\"><\/div><\/div><\/div><div class=\"vc_gitem-zone vc_gitem-zone-c vc_custom_1419240516480\"><div class=\"vc_gitem-zone-mini\"><div class=\"vc_gitem_row vc_row vc_gitem-row-position-top\"><div class=\"vc_col-sm-12 vc_gitem-col vc_gitem-col-align-\"><div class=\"vc_custom_heading vc_gitem-post-data vc_gitem-post-data-source-post_title\" ><h5 style=\"text-align: center\" >Pica-Pau<\/h5><\/div><div class=\"vc_gitem-post-meta-field-nascimento vc_gitem-align-left\"><span class=\"vc_gitem-post-meta-label\">Birth:<\/span>26\/10\/1988<\/div><div class=\"vc_gitem-post-meta-field-clubeatual vc_gitem-align-left\"><span class=\"vc_gitem-post-meta-label\">Current Club:<\/span>BLumenau\/SC<\/div><div class=\"vc_gitem-post-meta-field-experiencias vc_gitem-align-left\"><span class=\"vc_gitem-post-meta-label\">\u00daltimo Clube:<\/span><\/div><div class=\"vc_empty_space\"   style=\"height: 10px\"><span class=\"vc_empty_space_inner\"><\/span><\/div><div class=\"vc_gitem-post-meta-field-redes_sociais vc_gitem-align-center\"><\/div><div class=\"vc_empty_space\"   style=\"height: 10px\"><span class=\"vc_empty_space_inner\"><\/span><\/div><div class=\"vc_gitem-post-meta-field-curriculo vc_gitem-align-center\"><\/div><div class=\"vc_gitem-post-data vc_gitem-post-data-source-post_categories vc_grid-filter vc_clearfix vc_grid-filter vc_clearfix vc_grid-filter- vc_grid-filter-size-sm vc_grid-filter-center vc_grid-filter-center\"><div class=\"vc_grid-filter-item vc_gitem-post-category-name\"><span class=\"vc_gitem-post-category-name\">COACHES<\/span><\/div><\/div><\/div><\/div><\/div><\/div><\/div><div class=\"vc_clearfix\"><\/div><\/div><div class=\"vc_grid-item vc_clearfix vc_col-sm-3 vc_grid-item-zone-c-bottom\"><div class=\"vc_grid-item-mini vc_clearfix\"><div class=\"vc_gitem-animated-block\" ><div class=\"vc_gitem-zone vc_gitem-zone-a vc-gitem-zone-height-mode-auto vc-gitem-zone-height-mode-auto-1-1\" style=\"background-image: url('https:\/\/www.agon.esp.br\/wp-content\/uploads\/2022\/07\/serginho-2.jpg') !important;\"><img decoding=\"async\" src=\"https:\/\/www.agon.esp.br\/wp-content\/uploads\/2022\/07\/serginho-2.jpg\" class=\"vc_gitem-zone-img\" alt=\"Serginho Schiochet\"><div class=\"vc_gitem-zone-mini\"><\/div><\/div><\/div><div class=\"vc_gitem-zone vc_gitem-zone-c vc_custom_1419240516480\"><div class=\"vc_gitem-zone-mini\"><div class=\"vc_gitem_row vc_row vc_gitem-row-position-top\"><div class=\"vc_col-sm-12 vc_gitem-col vc_gitem-col-align-\"><div class=\"vc_custom_heading vc_gitem-post-data vc_gitem-post-data-source-post_title\" ><h5 style=\"text-align: center\" >Serginho Schiochet<\/h5><\/div><div class=\"vc_gitem-post-meta-field-nascimento vc_gitem-align-left\"><span class=\"vc_gitem-post-meta-label\">Birth:<\/span>27\/10\/1960<\/div><div class=\"vc_gitem-post-meta-field-clubeatual vc_gitem-align-left\"><span class=\"vc_gitem-post-meta-label\">Current Club:<\/span>Marc\u00edlio Dias<\/div><div class=\"vc_gitem-post-meta-field-experiencias vc_gitem-align-left\"><span class=\"vc_gitem-post-meta-label\">\u00daltimo Clube:<\/span>S\u00e3o Louren\u00e7o Futsal, Feldi Eboli (ITA), Marreco Futsal, Magnus Futsal, Sele\u00e7\u00e3o Brasileira de Futsal<\/div><div class=\"vc_empty_space\"   style=\"height: 10px\"><span class=\"vc_empty_space_inner\"><\/span><\/div><div class=\"vc_gitem-post-meta-field-redes_sociais vc_gitem-align-center\"><a href=\"https:\/\/www.instagram.com\/serginhoschiochet\/?hl=pt-br\" class=\"\"><i class=\"sl-social-instagram\" style=\" font-size:22px; color:#c7b93c;\"><\/i><\/a><\/div><div class=\"vc_empty_space\"   style=\"height: 10px\"><span class=\"vc_empty_space_inner\"><\/span><\/div><div class=\"vc_gitem-post-meta-field-curriculo vc_gitem-align-center\"><a href=\"https:\/\/www.agon.esp.br\/wp-content\/uploads\/2022\/07\/Serginho-curriculo-2025.pdf\" class=\"button green  medium bordered-bot\" target=\"_blank\"><i class=\"icon-search\"><\/i>DOWNLOAD CURRICULO<\/a><\/div><div class=\"vc_gitem-post-data vc_gitem-post-data-source-post_categories vc_grid-filter vc_clearfix vc_grid-filter vc_clearfix vc_grid-filter- vc_grid-filter-size-sm vc_grid-filter-center vc_grid-filter-center\"><div class=\"vc_grid-filter-item vc_gitem-post-category-name\"><span class=\"vc_gitem-post-category-name\">COACHES<\/span><\/div><\/div><\/div><\/div><\/div><\/div><\/div><div class=\"vc_clearfix\"><\/div><\/div><div class=\"vc_grid-item vc_clearfix vc_col-sm-3 vc_grid-item-zone-c-bottom\"><div class=\"vc_grid-item-mini vc_clearfix\"><div class=\"vc_gitem-animated-block\" ><div class=\"vc_gitem-zone vc_gitem-zone-a vc-gitem-zone-height-mode-auto vc-gitem-zone-height-mode-auto-1-1\" style=\"background-image: url('https:\/\/www.agon.esp.br\/wp-content\/uploads\/2025\/04\/tuche.jpg') !important;\"><img decoding=\"async\" src=\"https:\/\/www.agon.esp.br\/wp-content\/uploads\/2025\/04\/tuche.jpg\" class=\"vc_gitem-zone-img\" alt=\"Tuch\u00ea\"><div class=\"vc_gitem-zone-mini\"><\/div><\/div><\/div><div class=\"vc_gitem-zone vc_gitem-zone-c vc_custom_1419240516480\"><div class=\"vc_gitem-zone-mini\"><div class=\"vc_gitem_row vc_row vc_gitem-row-position-top\"><div class=\"vc_col-sm-12 vc_gitem-col vc_gitem-col-align-\"><div class=\"vc_custom_heading vc_gitem-post-data vc_gitem-post-data-source-post_title\" ><h5 style=\"text-align: center\" >Tuch\u00ea<\/h5><\/div><div class=\"vc_gitem-post-meta-field-nascimento vc_gitem-align-left\"><span class=\"vc_gitem-post-meta-label\">Birth:<\/span>28\/06\/1972<\/div><div class=\"vc_gitem-post-meta-field-clubeatual vc_gitem-align-left\"><span class=\"vc_gitem-post-meta-label\">Current Club:<\/span>Marc\u00edlio Dias<\/div><div class=\"vc_gitem-post-meta-field-experiencias vc_gitem-align-left\"><span class=\"vc_gitem-post-meta-label\">\u00daltimo Clube:<\/span>Assoeva<\/div><div class=\"vc_empty_space\"   style=\"height: 10px\"><span class=\"vc_empty_space_inner\"><\/span><\/div><div class=\"vc_gitem-post-meta-field-redes_sociais vc_gitem-align-center\"><a href=\"https:\/\/www.instagram.com\/tuche_dipp\/?hl=pt-br\" class=\"\"><i class=\"sl-social-instagram\" style=\" font-size:22px; color:#c7b93c;\"><\/i><\/a><\/div><div class=\"vc_empty_space\"   style=\"height: 10px\"><span class=\"vc_empty_space_inner\"><\/span><\/div><div class=\"vc_gitem-post-meta-field-curriculo vc_gitem-align-center\"><a href=\"#\" class=\"button green  medium bordered-bot\" target=\"_blank\"><i class=\"icon-search\"><\/i>DOWNLOAD CURRICULO<\/a><\/div><div class=\"vc_gitem-post-data vc_gitem-post-data-source-post_categories vc_grid-filter vc_clearfix vc_grid-filter vc_clearfix vc_grid-filter- vc_grid-filter-size-sm vc_grid-filter-center vc_grid-filter-center\"><div class=\"vc_grid-filter-item vc_gitem-post-category-name\"><span class=\"vc_gitem-post-category-name\">COACHES<\/span><\/div><\/div><\/div><\/div><\/div><\/div><\/div><div class=\"vc_clearfix\"><\/div><\/div><div class=\"vc_grid-item vc_clearfix vc_col-sm-3 vc_grid-item-zone-c-bottom\"><div class=\"vc_grid-item-mini vc_clearfix\"><div class=\"vc_gitem-animated-block\" ><div class=\"vc_gitem-zone vc_gitem-zone-a vc-gitem-zone-height-mode-auto vc-gitem-zone-height-mode-auto-1-1\" style=\"background-image: url('https:\/\/www.agon.esp.br\/wp-content\/uploads\/2022\/07\/vandre-1.jpg') !important;\"><img decoding=\"async\" src=\"https:\/\/www.agon.esp.br\/wp-content\/uploads\/2022\/07\/vandre-1.jpg\" class=\"vc_gitem-zone-img\" alt=\"Vandr\u00e9\"><div class=\"vc_gitem-zone-mini\"><\/div><\/div><\/div><div class=\"vc_gitem-zone vc_gitem-zone-c vc_custom_1419240516480\"><div class=\"vc_gitem-zone-mini\"><div class=\"vc_gitem_row vc_row vc_gitem-row-position-top\"><div class=\"vc_col-sm-12 vc_gitem-col vc_gitem-col-align-\"><div class=\"vc_custom_heading vc_gitem-post-data vc_gitem-post-data-source-post_title\" ><h5 style=\"text-align: center\" >Vandr\u00e9<\/h5><\/div><div class=\"vc_gitem-post-meta-field-nascimento vc_gitem-align-left\"><span class=\"vc_gitem-post-meta-label\">Birth:<\/span>12\/04\/1971<\/div><div class=\"vc_gitem-post-meta-field-clubeatual vc_gitem-align-left\"><span class=\"vc_gitem-post-meta-label\">Current Club:<\/span>Passo Fundo<\/div><div class=\"vc_gitem-post-meta-field-experiencias vc_gitem-align-left\"><span class=\"vc_gitem-post-meta-label\">\u00daltimo Clube:<\/span>Assoeva, Joa\u00e7aba, JEC\/Krona, Guarany de Espumoso, Curitibanos, Floripa Futsal, Tubar\u00e3o<\/div><div class=\"vc_empty_space\"   style=\"height: 10px\"><span class=\"vc_empty_space_inner\"><\/span><\/div><div class=\"vc_gitem-post-meta-field-redes_sociais vc_gitem-align-center\"><a href=\"https:\/\/www.instagram.com\/vandre_da_costa\/?hl=pt-br\" class=\"\"><i class=\"sl-social-instagram\" style=\" font-size:22px; color:#c7b93c;\"><\/i><\/a><\/div><div class=\"vc_empty_space\"   style=\"height: 10px\"><span class=\"vc_empty_space_inner\"><\/span><\/div><div class=\"vc_gitem-post-meta-field-curriculo vc_gitem-align-center\"><a href=\"https:\/\/www.agon.esp.br\/wp-content\/uploads\/2022\/07\/Vandre-curriculo-2025.pdf\" class=\"button green  medium bordered-bot\" target=\"_blank\"><i class=\"icon-search\"><\/i>DOWNLOAD CURRICULO<\/a><\/div><div class=\"vc_gitem-post-data vc_gitem-post-data-source-post_categories vc_grid-filter vc_clearfix vc_grid-filter vc_clearfix vc_grid-filter- vc_grid-filter-size-sm vc_grid-filter-center vc_grid-filter-center\"><div class=\"vc_grid-filter-item vc_gitem-post-category-name\"><span class=\"vc_gitem-post-category-name\">COACHES<\/span><\/div><\/div><\/div><\/div><\/div><\/div><\/div><div class=\"vc_clearfix\"><\/div><\/div><div class=\"vc_grid-item vc_clearfix vc_col-sm-3 vc_grid-item-zone-c-bottom\"><div class=\"vc_grid-item-mini vc_clearfix\"><div class=\"vc_gitem-animated-block\" ><div class=\"vc_gitem-zone vc_gitem-zone-a vc-gitem-zone-height-mode-auto vc-gitem-zone-height-mode-auto-1-1\" style=\"background-image: url('https:\/\/www.agon.esp.br\/wp-content\/uploads\/2025\/04\/vitor-silva.jpg') !important;\"><img decoding=\"async\" src=\"https:\/\/www.agon.esp.br\/wp-content\/uploads\/2025\/04\/vitor-silva.jpg\" class=\"vc_gitem-zone-img\" alt=\"Vitor Alexandre\"><div class=\"vc_gitem-zone-mini\"><\/div><\/div><\/div><div class=\"vc_gitem-zone vc_gitem-zone-c vc_custom_1419240516480\"><div class=\"vc_gitem-zone-mini\"><div class=\"vc_gitem_row vc_row vc_gitem-row-position-top\"><div class=\"vc_col-sm-12 vc_gitem-col vc_gitem-col-align-\"><div class=\"vc_custom_heading vc_gitem-post-data vc_gitem-post-data-source-post_title\" ><h5 style=\"text-align: center\" >Vitor Alexandre<\/h5><\/div><div class=\"vc_gitem-post-meta-field-nascimento vc_gitem-align-left\"><span class=\"vc_gitem-post-meta-label\">Birth:<\/span>24\/05\/1987<\/div><div class=\"vc_gitem-post-meta-field-clubeatual vc_gitem-align-left\"><span class=\"vc_gitem-post-meta-label\">Current Club:<\/span>Jaragu\u00e1 Sub-20<\/div><div class=\"vc_gitem-post-meta-field-experiencias vc_gitem-align-left\"><span class=\"vc_gitem-post-meta-label\">\u00daltimo Clube:<\/span><\/div><div class=\"vc_empty_space\"   style=\"height: 10px\"><span class=\"vc_empty_space_inner\"><\/span><\/div><div class=\"vc_gitem-post-meta-field-redes_sociais vc_gitem-align-center\"><a href=\"https:\/\/www.instagram.com\/vitoralexandrejgs\/?hl=pt-br\" class=\"\"><i class=\"sl-social-instagram\" style=\" font-size:22px; color:#c7b93c;\"><\/i><\/a><\/div><div class=\"vc_empty_space\"   style=\"height: 10px\"><span class=\"vc_empty_space_inner\"><\/span><\/div><div class=\"vc_gitem-post-meta-field-curriculo vc_gitem-align-center\"><a href=\"https:\/\/www.agon.esp.br\/wp-content\/uploads\/2025\/04\/Vitor-Alexandre-curriculo-2025.pdf\" class=\"button green  medium bordered-bot\" target=\"_blank\"><i class=\"icon-search\"><\/i>DOWNLOAD CURRICULO<\/a><\/div><div class=\"vc_gitem-post-data vc_gitem-post-data-source-post_categories vc_grid-filter vc_clearfix vc_grid-filter vc_clearfix vc_grid-filter- vc_grid-filter-size-sm vc_grid-filter-center vc_grid-filter-center\"><div class=\"vc_grid-filter-item vc_gitem-post-category-name\"><span class=\"vc_gitem-post-category-name\">COACHES<\/span><\/div><\/div><\/div><\/div><\/div><\/div><\/div><div class=\"vc_clearfix\"><\/div><\/div><\/div><\/div>\n\t<\/div>\n<\/div><\/div><\/div><\/div><\/section>","protected":false},"excerpt":{"rendered":"ATLETASTREINADORES Alexandre BohrerNascimento:21\/03\/1995Clube Atual:AFA Futsal\u00daltimo Clube:AGE, AVFDOWNLOAD CURRICULOTreinadoresBananaNascimento:01\/12\/1965Clube Atual:Sele\u00e7\u00e3o do Iraque\u00daltimo Clube:Juventude AG, Foz Cataratas, Bras\u00edlia Futsal, Kherson (UCR)DOWNLOAD CURRICULOTreinadoresBetoNascimento:11\/03\/1984Clube Atual:Panta Walon-Peru\u00daltimo Clube:TreinadoresBiraNascimento:22\/11\/1989Clube Atual:Campo Mour\u00e3o\u00daltimo Clube:S\u00e3o Francisco do SulTreinadoresDaniel Jr.Nascimento:15\/10\/1979Clube Atual:AFC Kairat - CAZ\u00daltimo Clube:Campo Mour\u00e3o, Jec\/Krona Futsal, Sele\u00e7\u00e3o Brasileira Cat. de Base e ACEL ChopinzinhoDOWNLOAD CURRICULOTreinadoresDaniel LobatoNascimento:22\/04\/1990Clube Atual:Minas Futsal\u00daltimo Clube:TreinadoresDiogo BarrosNascimento:19\/08\/1988Clube Atual:Minas Futsal\u00daltimo Clube:Sele\u00e7\u00e3o Brasileira Sub-17TreinadoresEdgar BaldassoNascimento:19\/12\/1986Clube Atual:Selangor MAC Futsal - MAL\u00daltimo Clube:ACBF Carlos BarbosaDOWNLOAD CURRICULOTreinadoresEduardo CoelhoNascimento:28\/04\/1984Clube Atual:Cascavel\u00daltimo Clube:Esporte FuturoTreinadoresFabinhoNascimento:31\/01\/1995Clube Atual:Jec\/Krona Futsal\u00daltimo Clube:TreinadoresFelipeNascimento:06\/10\/1986Clube Atual:Jaragu\u00e1 Futsal\u00daltimo Clube:Futsal Clube Leo - ARMTreinadoresFernando BorgertNascimento:05\/02\/1996Clube Atual:Manoel Ribas\u00daltimo Clube:DOWNLOAD CURRICULOTreinadoresFred AntunesNascimento:16\/08\/1969Clube Atual:Jaragu\u00e1 Futsal\u00daltimo Clube:JEC\/Krona, Kazma, Sele\u00e7\u00e3o Brasileira de FutsalDOWNLOAD CURRICULOTreinadoresGalelliNascimento:17\/03\/1997Clube Atual:Soberano\u00daltimo Clube:YeescoTreinadoresGustavo BarrigaNascimento:11\/10\/1988Clube Atual:JEC\/Krona Futsal\u00daltimo Clube:S\u00e3o Francisco Futsal, Leoas da Serra, Sele\u00e7\u00e3o Brasileira Universit\u00e1ria futsal femininoTreinadoresHiago SenaNascimento:15\/04\/1993Clube Atual:Santo Andr\u00e9\u00daltimo Clube:Santa Maria, Napoli Futsal, S\u00e3o Francisco FutsalDOWNLOAD CURRICULOTreinadoresIgor PoffoNascimento:08\/03\/1983Clube Atual:S\u00e3o Joseense\u00daltimo Clube:Dois Vizinhos, Cerro Largo Futsal, S\u00e3o Jos\u00e9 dos Pinhais, Coritiba Futsal, ACEL ChopinzinhoDOWNLOAD CURRICULOTreinadoresJapaNascimento:13\/10\/1991Clube Atual:S\u00e3o Louren\u00e7o\u00daltimo Clube:Jec\/Krona BaseTreinadoresL\u00e9o SchroederNascimento:27\/05\/1986Clube Atual:Chapecoense\u00daltimo Clube:TreinadoresL\u00e9o SilvaNascimento:06\/03\/1985Clube Atual:Atl\u00e9tico Piuauiense\u00daltimo Clube:AABB\/Mesa 14TreinadoresLucas ChioroNascimento:31\/07\/1971Clube Atual:Pescadola Machida - Jap\u00e3o\u00daltimo Clube:Cascavel, AEU, Juventude AG, Jaragu\u00e1 Futsal, Henan Xinda Football Club-CHI, S\u00e3o Jos\u00e9 Futsal, Campo Mour\u00e3o, S\u00e3o Miguel do Igua\u00e7uDOWNLOAD CURRICULOTreinadoresM\u00e1rioNascimento:19\/08\/1993Clube Atual:Conc\u00f3rdia\u00daltimo Clube:TreinadoresMatheus HolandaNascimento:21\/09\/1992Clube Atual:Tubar\u00e3o\u00daltimo Clube:Esporte FuturoTreinadoresMiqu\u00e9asNascimento:05\/05\/1987Clube Atual:Campo Mour\u00e3o\u00daltimo Clube:DOWNLOAD CURRICULOTreinadoresOsmar JrNascimento:31\/01\/1983Clube Atual:Vivaz\u00daltimo Clube:DOWNLOAD CURRICULOTreinadoresPaulinho GambierNascimento:27\/01\/1996Clube Atual:Umuarama\u00daltimo Clube:Conc\u00f3rdia, Santa Rosa Futsal, Marau, Sercessa, AEU Uruguaiana Futsal, Jec\/Krona Futsal, ACEL Chopinzinho, Marreco FutsalDOWNLOAD CURRICULOTreinadoresPica-PauNascimento:26\/10\/1988Clube Atual:BLumenau\/SC\u00daltimo Clube:TreinadoresSerginho SchiochetNascimento:27\/10\/1960Clube Atual:Marc\u00edlio Dias\u00daltimo Clube:S\u00e3o Louren\u00e7o Futsal, Feldi Eboli (ITA), Marreco Futsal, Magnus Futsal, Sele\u00e7\u00e3o Brasileira de FutsalDOWNLOAD CURRICULOTreinadoresTuch\u00eaNascimento:28\/06\/1972Clube Atual:Marc\u00edlio Dias\u00daltimo Clube:AssoevaDOWNLOAD CURRICULOTreinadoresVandr\u00e9Nascimento:12\/04\/1971Clube Atual:Passo Fundo\u00daltimo Clube:Assoeva, Joa\u00e7aba, JEC\/Krona, Guarany de Espumoso, Curitibanos, Floripa Futsal, Tubar\u00e3oDOWNLOAD CURRICULOTreinadoresVitor AlexandreNascimento:24\/05\/1987Clube Atual:Jaragu\u00e1 Sub-20\u00daltimo Clube:DOWNLOAD CURRICULOTreinadores","protected":false},"author":1,"featured_media":0,"parent":0,"menu_order":0,"comment_status":"closed","ping_status":"closed","template":"","meta":{"footnotes":""},"class_list":["post-191","page","type-page","status-publish","hentry"],"_links":{"self":[{"href":"https:\/\/www.agon.esp.br\/en_us\/wp-json\/wp\/v2\/pages\/191","targetHints":{"allow":["GET"]}}],"collection":[{"href":"https:\/\/www.agon.esp.br\/en_us\/wp-json\/wp\/v2\/pages"}],"about":[{"href":"https:\/\/www.agon.esp.br\/en_us\/wp-json\/wp\/v2\/types\/page"}],"author":[{"embeddable":true,"href":"https:\/\/www.agon.esp.br\/en_us\/wp-json\/wp\/v2\/users\/1"}],"replies":[{"embeddable":true,"href":"https:\/\/www.agon.esp.br\/en_us\/wp-json\/wp\/v2\/comments?post=191"}],"version-history":[{"count":8,"href":"https:\/\/www.agon.esp.br\/en_us\/wp-json\/wp\/v2\/pages\/191\/revisions"}],"predecessor-version":[{"id":697,"href":"https:\/\/www.agon.esp.br\/en_us\/wp-json\/wp\/v2\/pages\/191\/revisions\/697"}],"wp:attachment":[{"href":"https:\/\/www.agon.esp.br\/en_us\/wp-json\/wp\/v2\/media?parent=191"}],"curies":[{"name":"wp","href":"https:\/\/api.w.org\/{rel}","templated":true}]}}